{"id":364,"date":"2023-04-12T16:52:04","date_gmt":"2023-04-12T19:52:04","guid":{"rendered":"https:\/\/cidadecriativa.floripa.br\/?page_id=364"},"modified":"2025-06-26T16:09:05","modified_gmt":"2025-06-26T19:09:05","slug":"blog","status":"publish","type":"page","link":"https:\/\/cidadecriativa.floripa.br\/en\/blog\/","title":{"rendered":"Blog"},"content":{"rendered":"\t\t<div data-elementor-type=\"wp-page\" data-elementor-id=\"364\" class=\"elementor elementor-364\" data-elementor-post-type=\"page\">\n\t\t\t\t\t\t<section class=\"elementor-section elementor-top-section elementor-element elementor-element-4bfe4f8 elementor-section-boxed elementor-section-height-default elementor-section-height-default\" data-id=\"4bfe4f8\" data-element_type=\"section\" data-e-type=\"section\" data-settings=\"{&quot;background_background&quot;:&quot;gradient&quot;}\">\n\t\t\t\t\t\t\t<div class=\"elementor-background-overlay\"><\/div>\n\t\t\t\t\t\t\t<div class=\"elementor-container elementor-column-gap-no\">\n\t\t\t\t\t<div class=\"elementor-column elementor-col-100 elementor-top-column elementor-element elementor-element-d02b29b\" data-id=\"d02b29b\" data-element_type=\"column\" data-e-type=\"column\">\n\t\t\t<div class=\"elementor-widget-wrap elementor-element-populated\">\n\t\t\t\t\t\t<div class=\"elementor-element elementor-element-318f275 elementor-widget elementor-widget-heading\" data-id=\"318f275\" data-element_type=\"widget\" data-e-type=\"widget\" data-widget_type=\"heading.default\">\n\t\t\t\t<div class=\"elementor-widget-container\">\n\t\t\t\t\t<h1 class=\"elementor-heading-title elementor-size-default\"><strong>Blog<\/strong><\/h1>\t\t\t\t<\/div>\n\t\t\t\t<\/div>\n\t\t\t\t<div class=\"elementor-element elementor-element-b9213cb elementor-widget elementor-widget-heading\" data-id=\"b9213cb\" data-element_type=\"widget\" data-e-type=\"widget\" data-widget_type=\"heading.default\">\n\t\t\t\t<div class=\"elementor-widget-container\">\n\t\t\t\t\t<span class=\"elementor-heading-title elementor-size-default\">Blog oficial da Cidade Criativa da Gastronomia UNESCO - Floripa<\/span>\t\t\t\t<\/div>\n\t\t\t\t<\/div>\n\t\t\t\t\t<\/div>\n\t\t<\/div>\n\t\t\t\t\t<\/div>\n\t\t<\/section>\n\t\t\t\t<section class=\"elementor-section elementor-top-section elementor-element elementor-element-743943e8 elementor-section-boxed elementor-section-height-default elementor-section-height-default\" data-id=\"743943e8\" data-element_type=\"section\" data-e-type=\"section\" data-settings=\"{&quot;background_background&quot;:&quot;classic&quot;}\">\n\t\t\t\t\t\t<div class=\"elementor-container elementor-column-gap-default\">\n\t\t\t\t\t<div class=\"elementor-column elementor-col-66 elementor-top-column elementor-element elementor-element-194a01b6\" data-id=\"194a01b6\" data-element_type=\"column\" data-e-type=\"column\">\n\t\t\t<div class=\"elementor-widget-wrap elementor-element-populated\">\n\t\t\t\t\t\t<div class=\"elementor-element elementor-element-e4bbb85 elementor-grid-1 elementor-grid-tablet-2 elementor-grid-mobile-1 elementor-widget elementor-widget-loop-grid\" data-id=\"e4bbb85\" data-element_type=\"widget\" data-e-type=\"widget\" data-settings=\"{&quot;template_id&quot;:&quot;2650&quot;,&quot;columns&quot;:1,&quot;_skin&quot;:&quot;post&quot;,&quot;columns_tablet&quot;:&quot;2&quot;,&quot;columns_mobile&quot;:&quot;1&quot;,&quot;edit_handle_selector&quot;:&quot;[data-elementor-type=\\&quot;loop-item\\&quot;]&quot;,&quot;row_gap&quot;:{&quot;unit&quot;:&quot;px&quot;,&quot;size&quot;:&quot;&quot;,&quot;sizes&quot;:[]},&quot;row_gap_tablet&quot;:{&quot;unit&quot;:&quot;px&quot;,&quot;size&quot;:&quot;&quot;,&quot;sizes&quot;:[]},&quot;row_gap_mobile&quot;:{&quot;unit&quot;:&quot;px&quot;,&quot;size&quot;:&quot;&quot;,&quot;sizes&quot;:[]}}\" data-widget_type=\"loop-grid.post\">\n\t\t\t\t<div class=\"elementor-widget-container\">\n\t\t\t\t\t\t\t<div class=\"elementor-loop-container elementor-grid\" role=\"list\">\n\t\t<style id=\"loop-2650\">.elementor-2650 .elementor-element.elementor-element-269bae5:not(.elementor-motion-effects-element-type-background), .elementor-2650 .elementor-element.elementor-element-269bae5 > .elementor-motion-effects-container > .elementor-motion-effects-layer{background-color:var( --e-global-color-3ccfd52 );}.elementor-2650 .elementor-element.elementor-element-269bae5{transition:background 0.3s, border 0.3s, border-radius 0.3s, box-shadow 0.3s;}.elementor-2650 .elementor-element.elementor-element-269bae5 > .elementor-background-overlay{transition:background 0.3s, border-radius 0.3s, opacity 0.3s;}.elementor-2650 .elementor-element.elementor-element-2899414 img{height:330px;object-fit:cover;object-position:center center;transition-duration:0.5s;border-radius:12px 12px 12px 12px;}.elementor-2650 .elementor-element.elementor-element-2899414:hover img{filter:brightness( 70% ) contrast( 100% ) saturate( 100% ) blur( 0px ) hue-rotate( 0deg );}.elementor-2650 .elementor-element.elementor-element-2899414 > .elementor-widget-container{margin:0px 0px 24px 0px;}.elementor-2650 .elementor-element.elementor-element-d3b1d7a .elementor-heading-title{font-family:\"Nunito\", Sans-serif;font-size:14px;font-weight:400;text-transform:uppercase;line-height:1em;letter-spacing:0px;color:var( --e-global-color-7930c87 );}.elementor-2650 .elementor-element.elementor-element-d3b1d7a > .elementor-widget-container{margin:0px 0px 8px 0px;}.elementor-2650 .elementor-element.elementor-element-d014ed2 .elementor-heading-title{font-family:\"Nunito\", Sans-serif;font-size:32px;font-weight:700;text-decoration:none;line-height:1em;letter-spacing:-0.8px;color:var( --e-global-color-899a2b2 );}.elementor-2650 .elementor-element.elementor-element-d014ed2 > .elementor-widget-container{margin:0px 0px 16px 0px;}.elementor-2650 .elementor-element.elementor-element-71bc4b3{font-family:var( --e-global-typography-7a37dd0-font-family ), Sans-serif;font-size:var( --e-global-typography-7a37dd0-font-size );line-height:var( --e-global-typography-7a37dd0-line-height );letter-spacing:var( --e-global-typography-7a37dd0-letter-spacing );word-spacing:var( --e-global-typography-7a37dd0-word-spacing );color:var( --e-global-color-899a2b2 );}.elementor-2650 .elementor-element.elementor-element-71bc4b3 > .elementor-widget-container{margin:0px 0px 16px 0px;}.elementor-2650 .elementor-element.elementor-element-b36df41 .elementor-icon-list-items:not(.elementor-inline-items) .elementor-icon-list-item:not(:last-child){padding-block-end:calc(24px\/2);}.elementor-2650 .elementor-element.elementor-element-b36df41 .elementor-icon-list-items:not(.elementor-inline-items) .elementor-icon-list-item:not(:first-child){margin-block-start:calc(24px\/2);}.elementor-2650 .elementor-element.elementor-element-b36df41 .elementor-icon-list-items.elementor-inline-items .elementor-icon-list-item{margin-inline:calc(24px\/2);}.elementor-2650 .elementor-element.elementor-element-b36df41 .elementor-icon-list-items.elementor-inline-items{margin-inline:calc(-24px\/2);}.elementor-2650 .elementor-element.elementor-element-b36df41 .elementor-icon-list-items.elementor-inline-items .elementor-icon-list-item:after{inset-inline-end:calc(-24px\/2);}.elementor-2650 .elementor-element.elementor-element-b36df41 .elementor-icon-list-item:not(:last-child):after{content:\"\";border-color:var( --e-global-color-899a2b2 );}.elementor-2650 .elementor-element.elementor-element-b36df41 .elementor-icon-list-items:not(.elementor-inline-items) .elementor-icon-list-item:not(:last-child):after{border-block-start-style:solid;border-block-start-width:1px;}.elementor-2650 .elementor-element.elementor-element-b36df41 .elementor-icon-list-items.elementor-inline-items .elementor-icon-list-item:not(:last-child):after{border-inline-start-style:solid;}.elementor-2650 .elementor-element.elementor-element-b36df41 .elementor-inline-items .elementor-icon-list-item:not(:last-child):after{border-inline-start-width:1px;}.elementor-2650 .elementor-element.elementor-element-b36df41 .elementor-icon-list-icon i{transition:color 0.3s;}.elementor-2650 .elementor-element.elementor-element-b36df41 .elementor-icon-list-icon svg{transition:fill 0.3s;}.elementor-2650 .elementor-element.elementor-element-b36df41{--e-icon-list-icon-size:14px;--icon-vertical-offset:0px;}.elementor-2650 .elementor-element.elementor-element-b36df41 .elementor-icon-list-item > .elementor-icon-list-text, .elementor-2650 .elementor-element.elementor-element-b36df41 .elementor-icon-list-item > a{font-family:\"Lato\", Sans-serif;font-size:13px;line-height:1.5em;letter-spacing:0px;}.elementor-2650 .elementor-element.elementor-element-b36df41 .elementor-icon-list-text{color:var( --e-global-color-899a2b2 );transition:color 0.3s;}@media(max-width:1024px){.elementor-2650 .elementor-element.elementor-element-71bc4b3{font-size:var( --e-global-typography-7a37dd0-font-size );line-height:var( --e-global-typography-7a37dd0-line-height );letter-spacing:var( --e-global-typography-7a37dd0-letter-spacing );word-spacing:var( --e-global-typography-7a37dd0-word-spacing );}}@media(max-width:767px){.elementor-2650 .elementor-element.elementor-element-d014ed2 .elementor-heading-title{font-size:32px;}.elementor-2650 .elementor-element.elementor-element-71bc4b3{font-size:var( --e-global-typography-7a37dd0-font-size );line-height:var( --e-global-typography-7a37dd0-line-height );letter-spacing:var( --e-global-typography-7a37dd0-letter-spacing );word-spacing:var( --e-global-typography-7a37dd0-word-spacing );}}<\/style>\t\t<div data-elementor-type=\"loop-item\" data-elementor-id=\"2650\" class=\"elementor elementor-2650 e-loop-item e-loop-item-4378 post-4378 post type-post status-publish format-standard has-post-thumbnail hentry category-noticias tag-cultura tag-festival-i-love-tainha tag-gastronomia\" data-elementor-post-type=\"elementor_library\" data-custom-edit-handle=\"1\">\n\t\t\t\t\t<section class=\"elementor-section elementor-top-section elementor-element elementor-element-269bae5 elementor-section-boxed elementor-section-height-default elementor-section-height-default\" data-id=\"269bae5\" data-element_type=\"section\" data-e-type=\"section\" data-settings=\"{&quot;background_background&quot;:&quot;classic&quot;}\">\n\t\t\t\t\t\t<div class=\"elementor-container elementor-column-gap-default\">\n\t\t\t\t\t<div class=\"elementor-column elementor-col-100 elementor-top-column elementor-element elementor-element-46d2599\" data-id=\"46d2599\" data-element_type=\"column\" data-e-type=\"column\">\n\t\t\t<div class=\"elementor-widget-wrap elementor-element-populated\">\n\t\t\t\t\t\t<div class=\"elementor-element elementor-element-2899414 elementor-widget elementor-widget-image\" data-id=\"2899414\" data-element_type=\"widget\" data-e-type=\"widget\" data-widget_type=\"image.default\">\n\t\t\t\t<div class=\"elementor-widget-container\">\n\t\t\t\t\t\t\t\t\t\t\t\t\t\t\t\t<a href=\"https:\/\/cidadecriativa.floripa.br\/en\/safra-da-tainha-comeca-com-festival-que-reune-cultura-e-gastronomia\/\">\n\t\t\t\t\t\t\t<img fetchpriority=\"high\" decoding=\"async\" width=\"960\" height=\"640\" src=\"https:\/\/cidadecriativa.floripa.br\/wp-content\/uploads\/2026\/04\/tainha.jpg\" class=\"attachment-full size-full wp-image-4386\" alt=\"\" srcset=\"https:\/\/cidadecriativa.floripa.br\/wp-content\/uploads\/2026\/04\/tainha.jpg 960w, https:\/\/cidadecriativa.floripa.br\/wp-content\/uploads\/2026\/04\/tainha-300x200.jpg 300w, https:\/\/cidadecriativa.floripa.br\/wp-content\/uploads\/2026\/04\/tainha-768x512.jpg 768w, https:\/\/cidadecriativa.floripa.br\/wp-content\/uploads\/2026\/04\/tainha-18x12.jpg 18w\" sizes=\"(max-width: 960px) 100vw, 960px\" \/>\t\t\t\t\t\t\t\t<\/a>\n\t\t\t\t\t\t\t\t\t\t\t\t\t\t\t<\/div>\n\t\t\t\t<\/div>\n\t\t\t\t<div class=\"elementor-element elementor-element-d3b1d7a elementor-widget elementor-widget-heading\" data-id=\"d3b1d7a\" data-element_type=\"widget\" data-e-type=\"widget\" data-widget_type=\"heading.default\">\n\t\t\t\t<div class=\"elementor-widget-container\">\n\t\t\t\t\t<div class=\"elementor-heading-title elementor-size-default\"><span>Not\u00edcias<\/span><\/div>\t\t\t\t<\/div>\n\t\t\t\t<\/div>\n\t\t\t\t<div class=\"elementor-element elementor-element-d014ed2 elementor-widget elementor-widget-heading\" data-id=\"d014ed2\" data-element_type=\"widget\" data-e-type=\"widget\" data-widget_type=\"heading.default\">\n\t\t\t\t<div class=\"elementor-widget-container\">\n\t\t\t\t\t<h2 class=\"elementor-heading-title elementor-size-default\"><a href=\"https:\/\/cidadecriativa.floripa.br\/en\/safra-da-tainha-comeca-com-festival-que-reune-cultura-e-gastronomia\/\">Safra da tainha come\u00e7a com festival que re\u00fane cultura e gastronomia<\/a><\/h2>\t\t\t\t<\/div>\n\t\t\t\t<\/div>\n\t\t\t\t<div class=\"elementor-element elementor-element-71bc4b3 elementor-widget elementor-widget-text-editor\" data-id=\"71bc4b3\" data-element_type=\"widget\" data-e-type=\"widget\" data-widget_type=\"text-editor.default\">\n\t\t\t\t<div class=\"elementor-widget-container\">\n\t\t\t\t\t\t\t\t\t<p>Acontece nos dias 2 e 3 de maio, na Beira-Mar Continental, o&nbsp;Festival I Love Tainha, evento gratuito que marca o&#8230;\t\t\t\t\t\t\t\t<\/div>\n\t\t\t\t<\/div>\n\t\t\t\t<div class=\"elementor-element elementor-element-b36df41 elementor-icon-list--layout-inline elementor-list-item-link-full_width elementor-widget elementor-widget-icon-list\" data-id=\"b36df41\" data-element_type=\"widget\" data-e-type=\"widget\" data-widget_type=\"icon-list.default\">\n\t\t\t\t<div class=\"elementor-widget-container\">\n\t\t\t\t\t\t\t<ul class=\"elementor-icon-list-items elementor-inline-items\">\n\t\t\t\t\t\t\t<li class=\"elementor-icon-list-item elementor-inline-item\">\n\t\t\t\t\t\t\t\t\t\t<span class=\"elementor-icon-list-text\">M\u00e1rcia R. Teschner<\/span>\n\t\t\t\t\t\t\t\t\t<\/li>\n\t\t\t\t\t\t\t\t<li class=\"elementor-icon-list-item elementor-inline-item\">\n\t\t\t\t\t\t\t\t\t\t<span class=\"elementor-icon-list-text\">23 de April de 2026<\/span>\n\t\t\t\t\t\t\t\t\t<\/li>\n\t\t\t\t\t\t<\/ul>\n\t\t\t\t\t\t<\/div>\n\t\t\t\t<\/div>\n\t\t\t\t\t<\/div>\n\t\t<\/div>\n\t\t\t\t\t<\/div>\n\t\t<\/section>\n\t\t\t\t<\/div>\n\t\t\t\t<\/div>\n\t\t\n\t\t\t\t\t\t<\/div>\n\t\t\t\t<\/div>\n\t\t\t\t\t<\/div>\n\t\t<\/div>\n\t\t\t\t<div class=\"elementor-column elementor-col-33 elementor-top-column elementor-element elementor-element-781989d7\" data-id=\"781989d7\" data-element_type=\"column\" data-e-type=\"column\">\n\t\t\t<div class=\"elementor-widget-wrap elementor-element-populated\">\n\t\t\t\t\t\t<div class=\"elementor-element elementor-element-d9781c8 elementor-grid-1 elementor-grid-tablet-2 elementor-grid-mobile-1 elementor-widget elementor-widget-loop-grid\" data-id=\"d9781c8\" data-element_type=\"widget\" data-e-type=\"widget\" data-settings=\"{&quot;template_id&quot;:&quot;2678&quot;,&quot;columns&quot;:1,&quot;row_gap&quot;:{&quot;unit&quot;:&quot;px&quot;,&quot;size&quot;:0,&quot;sizes&quot;:[]},&quot;_skin&quot;:&quot;post&quot;,&quot;columns_tablet&quot;:&quot;2&quot;,&quot;columns_mobile&quot;:&quot;1&quot;,&quot;edit_handle_selector&quot;:&quot;[data-elementor-type=\\&quot;loop-item\\&quot;]&quot;,&quot;row_gap_tablet&quot;:{&quot;unit&quot;:&quot;px&quot;,&quot;size&quot;:&quot;&quot;,&quot;sizes&quot;:[]},&quot;row_gap_mobile&quot;:{&quot;unit&quot;:&quot;px&quot;,&quot;size&quot;:&quot;&quot;,&quot;sizes&quot;:[]}}\" data-widget_type=\"loop-grid.post\">\n\t\t\t\t<div class=\"elementor-widget-container\">\n\t\t\t\t\t\t\t<div class=\"elementor-loop-container elementor-grid\" role=\"list\">\n\t\t<style id=\"loop-2678\">.elementor-2678 .elementor-element.elementor-element-ad819e3:not(.elementor-motion-effects-element-type-background), .elementor-2678 .elementor-element.elementor-element-ad819e3 > .elementor-motion-effects-container > .elementor-motion-effects-layer{background-color:var( --e-global-color-3ccfd52 );}.elementor-2678 .elementor-element.elementor-element-ad819e3{transition:background 0.3s, border 0.3s, border-radius 0.3s, box-shadow 0.3s;}.elementor-2678 .elementor-element.elementor-element-ad819e3 > .elementor-background-overlay{transition:background 0.3s, border-radius 0.3s, opacity 0.3s;}.elementor-2678 .elementor-element.elementor-element-bd68dbd img{height:150px;object-fit:cover;object-position:center center;transition-duration:0.5s;border-radius:12px 12px 12px 12px;}.elementor-2678 .elementor-element.elementor-element-bd68dbd:hover img{filter:brightness( 70% ) contrast( 100% ) saturate( 100% ) blur( 0px ) hue-rotate( 0deg );}.elementor-bc-flex-widget .elementor-2678 .elementor-element.elementor-element-eb813da.elementor-column .elementor-widget-wrap{align-items:center;}.elementor-2678 .elementor-element.elementor-element-eb813da.elementor-column.elementor-element[data-element_type=\"column\"] > .elementor-widget-wrap.elementor-element-populated{align-content:center;align-items:center;}.elementor-2678 .elementor-element.elementor-element-ebc07c8 .elementor-heading-title{font-family:\"Nunito\", Sans-serif;font-size:14px;font-weight:400;text-transform:uppercase;line-height:1em;letter-spacing:0px;color:var( --e-global-color-7930c87 );}.elementor-2678 .elementor-element.elementor-element-ebc07c8 > .elementor-widget-container{margin:0px 0px 8px 0px;}.elementor-2678 .elementor-element.elementor-element-3590e6c .elementor-heading-title{font-family:\"Nunito\", Sans-serif;font-size:24px;font-weight:700;text-decoration:none;line-height:1em;letter-spacing:-0.8px;color:var( --e-global-color-899a2b2 );}.elementor-2678 .elementor-element.elementor-element-3590e6c > .elementor-widget-container{margin:0px 0px 16px 0px;}.elementor-2678 .elementor-element.elementor-element-5f8b72a .elementor-icon-list-items:not(.elementor-inline-items) .elementor-icon-list-item:not(:last-child){padding-block-end:calc(24px\/2);}.elementor-2678 .elementor-element.elementor-element-5f8b72a .elementor-icon-list-items:not(.elementor-inline-items) .elementor-icon-list-item:not(:first-child){margin-block-start:calc(24px\/2);}.elementor-2678 .elementor-element.elementor-element-5f8b72a .elementor-icon-list-items.elementor-inline-items .elementor-icon-list-item{margin-inline:calc(24px\/2);}.elementor-2678 .elementor-element.elementor-element-5f8b72a .elementor-icon-list-items.elementor-inline-items{margin-inline:calc(-24px\/2);}.elementor-2678 .elementor-element.elementor-element-5f8b72a .elementor-icon-list-items.elementor-inline-items .elementor-icon-list-item:after{inset-inline-end:calc(-24px\/2);}.elementor-2678 .elementor-element.elementor-element-5f8b72a .elementor-icon-list-item:not(:last-child):after{content:\"\";border-color:var( --e-global-color-899a2b2 );}.elementor-2678 .elementor-element.elementor-element-5f8b72a .elementor-icon-list-items:not(.elementor-inline-items) .elementor-icon-list-item:not(:last-child):after{border-block-start-style:solid;border-block-start-width:1px;}.elementor-2678 .elementor-element.elementor-element-5f8b72a .elementor-icon-list-items.elementor-inline-items .elementor-icon-list-item:not(:last-child):after{border-inline-start-style:solid;}.elementor-2678 .elementor-element.elementor-element-5f8b72a .elementor-inline-items .elementor-icon-list-item:not(:last-child):after{border-inline-start-width:1px;}.elementor-2678 .elementor-element.elementor-element-5f8b72a .elementor-icon-list-icon i{transition:color 0.3s;}.elementor-2678 .elementor-element.elementor-element-5f8b72a .elementor-icon-list-icon svg{transition:fill 0.3s;}.elementor-2678 .elementor-element.elementor-element-5f8b72a{--e-icon-list-icon-size:14px;--icon-vertical-offset:0px;}.elementor-2678 .elementor-element.elementor-element-5f8b72a .elementor-icon-list-item > .elementor-icon-list-text, .elementor-2678 .elementor-element.elementor-element-5f8b72a .elementor-icon-list-item > a{font-family:\"Lato\", Sans-serif;font-size:13px;line-height:1.5em;letter-spacing:0px;}.elementor-2678 .elementor-element.elementor-element-5f8b72a .elementor-icon-list-text{color:var( --e-global-color-899a2b2 );transition:color 0.3s;}@media(max-width:767px){.elementor-2678 .elementor-element.elementor-element-3590e6c .elementor-heading-title{font-size:32px;}}@media(min-width:768px){.elementor-2678 .elementor-element.elementor-element-11c2c0c{width:40%;}.elementor-2678 .elementor-element.elementor-element-eb813da{width:60%;}}<\/style>\t\t<div data-elementor-type=\"loop-item\" data-elementor-id=\"2678\" class=\"elementor elementor-2678 e-loop-item e-loop-item-4360 post-4360 post type-post status-publish format-standard has-post-thumbnail hentry category-noticias tag-gastronomia tag-maricultura tag-microalgas tag-ostras tag-ostras-de-florianopolis tag-ufsc\" data-elementor-post-type=\"elementor_library\" data-custom-edit-handle=\"1\">\n\t\t\t\t\t<section class=\"elementor-section elementor-top-section elementor-element elementor-element-ad819e3 elementor-section-boxed elementor-section-height-default elementor-section-height-default\" data-id=\"ad819e3\" data-element_type=\"section\" data-e-type=\"section\" data-settings=\"{&quot;background_background&quot;:&quot;classic&quot;}\">\n\t\t\t\t\t\t<div class=\"elementor-container elementor-column-gap-default\">\n\t\t\t\t\t<div class=\"elementor-column elementor-col-50 elementor-top-column elementor-element elementor-element-11c2c0c\" data-id=\"11c2c0c\" data-element_type=\"column\" data-e-type=\"column\">\n\t\t\t<div class=\"elementor-widget-wrap elementor-element-populated\">\n\t\t\t\t\t\t<div class=\"elementor-element elementor-element-bd68dbd elementor-widget elementor-widget-image\" data-id=\"bd68dbd\" data-element_type=\"widget\" data-e-type=\"widget\" data-widget_type=\"image.default\">\n\t\t\t\t<div class=\"elementor-widget-container\">\n\t\t\t\t\t\t\t\t\t\t\t\t\t\t\t\t<a href=\"https:\/\/cidadecriativa.floripa.br\/en\/fenomeno-raro-deixa-ostras-esverdeadas-e-mais-saborosas-pesquisadores-da-ufsc-explicam\/\">\n\t\t\t\t\t\t\t<img decoding=\"async\" width=\"576\" height=\"1024\" src=\"https:\/\/cidadecriativa.floripa.br\/wp-content\/uploads\/2026\/04\/ostras-verdes-576x1024.jpg\" class=\"attachment-large size-large wp-image-4365\" alt=\"\" srcset=\"https:\/\/cidadecriativa.floripa.br\/wp-content\/uploads\/2026\/04\/ostras-verdes-576x1024.jpg 576w, https:\/\/cidadecriativa.floripa.br\/wp-content\/uploads\/2026\/04\/ostras-verdes-169x300.jpg 169w, https:\/\/cidadecriativa.floripa.br\/wp-content\/uploads\/2026\/04\/ostras-verdes-7x12.jpg 7w, https:\/\/cidadecriativa.floripa.br\/wp-content\/uploads\/2026\/04\/ostras-verdes.jpg 720w\" sizes=\"(max-width: 576px) 100vw, 576px\" \/>\t\t\t\t\t\t\t\t<\/a>\n\t\t\t\t\t\t\t\t\t\t\t\t\t\t\t<\/div>\n\t\t\t\t<\/div>\n\t\t\t\t\t<\/div>\n\t\t<\/div>\n\t\t\t\t<div class=\"elementor-column elementor-col-50 elementor-top-column elementor-element elementor-element-eb813da\" data-id=\"eb813da\" data-element_type=\"column\" data-e-type=\"column\">\n\t\t\t<div class=\"elementor-widget-wrap elementor-element-populated\">\n\t\t\t\t\t\t<div class=\"elementor-element elementor-element-ebc07c8 elementor-widget elementor-widget-heading\" data-id=\"ebc07c8\" data-element_type=\"widget\" data-e-type=\"widget\" data-widget_type=\"heading.default\">\n\t\t\t\t<div class=\"elementor-widget-container\">\n\t\t\t\t\t<div class=\"elementor-heading-title elementor-size-default\"><span>Not\u00edcias<\/span><\/div>\t\t\t\t<\/div>\n\t\t\t\t<\/div>\n\t\t\t\t<div class=\"elementor-element elementor-element-3590e6c elementor-widget elementor-widget-heading\" data-id=\"3590e6c\" data-element_type=\"widget\" data-e-type=\"widget\" data-widget_type=\"heading.default\">\n\t\t\t\t<div class=\"elementor-widget-container\">\n\t\t\t\t\t<h2 class=\"elementor-heading-title elementor-size-default\"><a href=\"https:\/\/cidadecriativa.floripa.br\/en\/fenomeno-raro-deixa-ostras-esverdeadas-e-mais-saborosas-pesquisadores-da-ufsc-explicam\/\">Fen\u00f4meno raro deixa ostras esverdeadas e mais saborosas; pesquisadores da UFSC explicam<\/a><\/h2>\t\t\t\t<\/div>\n\t\t\t\t<\/div>\n\t\t\t\t<div class=\"elementor-element elementor-element-5f8b72a elementor-icon-list--layout-inline elementor-list-item-link-full_width elementor-widget elementor-widget-icon-list\" data-id=\"5f8b72a\" data-element_type=\"widget\" data-e-type=\"widget\" data-widget_type=\"icon-list.default\">\n\t\t\t\t<div class=\"elementor-widget-container\">\n\t\t\t\t\t\t\t<ul class=\"elementor-icon-list-items elementor-inline-items\">\n\t\t\t\t\t\t\t<li class=\"elementor-icon-list-item elementor-inline-item\">\n\t\t\t\t\t\t\t\t\t\t<span class=\"elementor-icon-list-text\">M\u00e1rcia R. Teschner<\/span>\n\t\t\t\t\t\t\t\t\t<\/li>\n\t\t\t\t\t\t\t\t<li class=\"elementor-icon-list-item elementor-inline-item\">\n\t\t\t\t\t\t\t\t\t\t<span class=\"elementor-icon-list-text\">13 de April de 2026<\/span>\n\t\t\t\t\t\t\t\t\t<\/li>\n\t\t\t\t\t\t<\/ul>\n\t\t\t\t\t\t<\/div>\n\t\t\t\t<\/div>\n\t\t\t\t\t<\/div>\n\t\t<\/div>\n\t\t\t\t\t<\/div>\n\t\t<\/section>\n\t\t\t\t<\/div>\n\t\t\t\t<div data-elementor-type=\"loop-item\" data-elementor-id=\"2678\" class=\"elementor elementor-2678 e-loop-item e-loop-item-4329 post-4329 post type-post status-publish format-standard has-post-thumbnail hentry category-noticias tag-cidade-criativa-unesco-da-gastronomia tag-floripamanha tag-gastronomia tag-macau\" data-elementor-post-type=\"elementor_library\" data-custom-edit-handle=\"1\">\n\t\t\t\t\t<section class=\"elementor-section elementor-top-section elementor-element elementor-element-ad819e3 elementor-section-boxed elementor-section-height-default elementor-section-height-default\" data-id=\"ad819e3\" data-element_type=\"section\" data-e-type=\"section\" data-settings=\"{&quot;background_background&quot;:&quot;classic&quot;}\">\n\t\t\t\t\t\t<div class=\"elementor-container elementor-column-gap-default\">\n\t\t\t\t\t<div class=\"elementor-column elementor-col-50 elementor-top-column elementor-element elementor-element-11c2c0c\" data-id=\"11c2c0c\" data-element_type=\"column\" data-e-type=\"column\">\n\t\t\t<div class=\"elementor-widget-wrap elementor-element-populated\">\n\t\t\t\t\t\t<div class=\"elementor-element elementor-element-bd68dbd elementor-widget elementor-widget-image\" data-id=\"bd68dbd\" data-element_type=\"widget\" data-e-type=\"widget\" data-widget_type=\"image.default\">\n\t\t\t\t<div class=\"elementor-widget-container\">\n\t\t\t\t\t\t\t\t\t\t\t\t\t\t\t\t<a href=\"https:\/\/cidadecriativa.floripa.br\/en\/florianopolis-amplia-presenca-em-macau-e-traz-aprendizados-para-fortalecer-o-turismo-gastronomico\/\">\n\t\t\t\t\t\t\t<img decoding=\"async\" width=\"800\" height=\"450\" src=\"https:\/\/cidadecriativa.floripa.br\/wp-content\/uploads\/2026\/04\/macau-abertura-marcus-1024x576-1.jpg\" class=\"attachment-large size-large wp-image-4336\" alt=\"\" srcset=\"https:\/\/cidadecriativa.floripa.br\/wp-content\/uploads\/2026\/04\/macau-abertura-marcus-1024x576-1.jpg 1024w, https:\/\/cidadecriativa.floripa.br\/wp-content\/uploads\/2026\/04\/macau-abertura-marcus-1024x576-1-300x169.jpg 300w, https:\/\/cidadecriativa.floripa.br\/wp-content\/uploads\/2026\/04\/macau-abertura-marcus-1024x576-1-768x432.jpg 768w, https:\/\/cidadecriativa.floripa.br\/wp-content\/uploads\/2026\/04\/macau-abertura-marcus-1024x576-1-18x10.jpg 18w\" sizes=\"(max-width: 800px) 100vw, 800px\" \/>\t\t\t\t\t\t\t\t<\/a>\n\t\t\t\t\t\t\t\t\t\t\t\t\t\t\t<\/div>\n\t\t\t\t<\/div>\n\t\t\t\t\t<\/div>\n\t\t<\/div>\n\t\t\t\t<div class=\"elementor-column elementor-col-50 elementor-top-column elementor-element elementor-element-eb813da\" data-id=\"eb813da\" data-element_type=\"column\" data-e-type=\"column\">\n\t\t\t<div class=\"elementor-widget-wrap elementor-element-populated\">\n\t\t\t\t\t\t<div class=\"elementor-element elementor-element-ebc07c8 elementor-widget elementor-widget-heading\" data-id=\"ebc07c8\" data-element_type=\"widget\" data-e-type=\"widget\" data-widget_type=\"heading.default\">\n\t\t\t\t<div class=\"elementor-widget-container\">\n\t\t\t\t\t<div class=\"elementor-heading-title elementor-size-default\"><span>Not\u00edcias<\/span><\/div>\t\t\t\t<\/div>\n\t\t\t\t<\/div>\n\t\t\t\t<div class=\"elementor-element elementor-element-3590e6c elementor-widget elementor-widget-heading\" data-id=\"3590e6c\" data-element_type=\"widget\" data-e-type=\"widget\" data-widget_type=\"heading.default\">\n\t\t\t\t<div class=\"elementor-widget-container\">\n\t\t\t\t\t<h2 class=\"elementor-heading-title elementor-size-default\"><a href=\"https:\/\/cidadecriativa.floripa.br\/en\/florianopolis-amplia-presenca-em-macau-e-traz-aprendizados-para-fortalecer-o-turismo-gastronomico\/\">Florian\u00f3polis amplia presen\u00e7a em Macau e traz aprendizados para fortalecer o turismo gastron\u00f4mico<\/a><\/h2>\t\t\t\t<\/div>\n\t\t\t\t<\/div>\n\t\t\t\t<div class=\"elementor-element elementor-element-5f8b72a elementor-icon-list--layout-inline elementor-list-item-link-full_width elementor-widget elementor-widget-icon-list\" data-id=\"5f8b72a\" data-element_type=\"widget\" data-e-type=\"widget\" data-widget_type=\"icon-list.default\">\n\t\t\t\t<div class=\"elementor-widget-container\">\n\t\t\t\t\t\t\t<ul class=\"elementor-icon-list-items elementor-inline-items\">\n\t\t\t\t\t\t\t<li class=\"elementor-icon-list-item elementor-inline-item\">\n\t\t\t\t\t\t\t\t\t\t<span class=\"elementor-icon-list-text\">M\u00e1rcia R. Teschner<\/span>\n\t\t\t\t\t\t\t\t\t<\/li>\n\t\t\t\t\t\t\t\t<li class=\"elementor-icon-list-item elementor-inline-item\">\n\t\t\t\t\t\t\t\t\t\t<span class=\"elementor-icon-list-text\">7 de April de 2026<\/span>\n\t\t\t\t\t\t\t\t\t<\/li>\n\t\t\t\t\t\t<\/ul>\n\t\t\t\t\t\t<\/div>\n\t\t\t\t<\/div>\n\t\t\t\t\t<\/div>\n\t\t<\/div>\n\t\t\t\t\t<\/div>\n\t\t<\/section>\n\t\t\t\t<\/div>\n\t\t\t\t<div data-elementor-type=\"loop-item\" data-elementor-id=\"2678\" class=\"elementor elementor-2678 e-loop-item e-loop-item-4292 post-4292 post type-post status-publish format-standard has-post-thumbnail hentry category-noticias tag-cidade-criativa-unesco-da-gastronomia tag-economia-criativa tag-gastronomia tag-macau\" data-elementor-post-type=\"elementor_library\" data-custom-edit-handle=\"1\">\n\t\t\t\t\t<section class=\"elementor-section elementor-top-section elementor-element elementor-element-ad819e3 elementor-section-boxed elementor-section-height-default elementor-section-height-default\" data-id=\"ad819e3\" data-element_type=\"section\" data-e-type=\"section\" data-settings=\"{&quot;background_background&quot;:&quot;classic&quot;}\">\n\t\t\t\t\t\t<div class=\"elementor-container elementor-column-gap-default\">\n\t\t\t\t\t<div class=\"elementor-column elementor-col-50 elementor-top-column elementor-element elementor-element-11c2c0c\" data-id=\"11c2c0c\" data-element_type=\"column\" data-e-type=\"column\">\n\t\t\t<div class=\"elementor-widget-wrap elementor-element-populated\">\n\t\t\t\t\t\t<div class=\"elementor-element elementor-element-bd68dbd elementor-widget elementor-widget-image\" data-id=\"bd68dbd\" data-element_type=\"widget\" data-e-type=\"widget\" data-widget_type=\"image.default\">\n\t\t\t\t<div class=\"elementor-widget-container\">\n\t\t\t\t\t\t\t\t\t\t\t\t\t\t\t\t<a href=\"https:\/\/cidadecriativa.floripa.br\/en\/florianopolis-embarca-para-macau-e-amplia-presenca-internacional-na-rede-unesco-da-gastronomia\/\">\n\t\t\t\t\t\t\t<img loading=\"lazy\" decoding=\"async\" width=\"589\" height=\"329\" src=\"https:\/\/cidadecriativa.floripa.br\/wp-content\/uploads\/2026\/03\/macau-dtq-unesco.jpg\" class=\"attachment-large size-large wp-image-4307\" alt=\"\" srcset=\"https:\/\/cidadecriativa.floripa.br\/wp-content\/uploads\/2026\/03\/macau-dtq-unesco.jpg 589w, https:\/\/cidadecriativa.floripa.br\/wp-content\/uploads\/2026\/03\/macau-dtq-unesco-300x168.jpg 300w, https:\/\/cidadecriativa.floripa.br\/wp-content\/uploads\/2026\/03\/macau-dtq-unesco-18x10.jpg 18w\" sizes=\"(max-width: 589px) 100vw, 589px\" \/>\t\t\t\t\t\t\t\t<\/a>\n\t\t\t\t\t\t\t\t\t\t\t\t\t\t\t<\/div>\n\t\t\t\t<\/div>\n\t\t\t\t\t<\/div>\n\t\t<\/div>\n\t\t\t\t<div class=\"elementor-column elementor-col-50 elementor-top-column elementor-element elementor-element-eb813da\" data-id=\"eb813da\" data-element_type=\"column\" data-e-type=\"column\">\n\t\t\t<div class=\"elementor-widget-wrap elementor-element-populated\">\n\t\t\t\t\t\t<div class=\"elementor-element elementor-element-ebc07c8 elementor-widget elementor-widget-heading\" data-id=\"ebc07c8\" data-element_type=\"widget\" data-e-type=\"widget\" data-widget_type=\"heading.default\">\n\t\t\t\t<div class=\"elementor-widget-container\">\n\t\t\t\t\t<div class=\"elementor-heading-title elementor-size-default\"><span>Not\u00edcias<\/span><\/div>\t\t\t\t<\/div>\n\t\t\t\t<\/div>\n\t\t\t\t<div class=\"elementor-element elementor-element-3590e6c elementor-widget elementor-widget-heading\" data-id=\"3590e6c\" data-element_type=\"widget\" data-e-type=\"widget\" data-widget_type=\"heading.default\">\n\t\t\t\t<div class=\"elementor-widget-container\">\n\t\t\t\t\t<h2 class=\"elementor-heading-title elementor-size-default\"><a href=\"https:\/\/cidadecriativa.floripa.br\/en\/florianopolis-embarca-para-macau-e-amplia-presenca-internacional-na-rede-unesco-da-gastronomia\/\">Florian\u00f3polis embarca para Macau e amplia presen\u00e7a internacional na Rede UNESCO da Gastronomia<\/a><\/h2>\t\t\t\t<\/div>\n\t\t\t\t<\/div>\n\t\t\t\t<div class=\"elementor-element elementor-element-5f8b72a elementor-icon-list--layout-inline elementor-list-item-link-full_width elementor-widget elementor-widget-icon-list\" data-id=\"5f8b72a\" data-element_type=\"widget\" data-e-type=\"widget\" data-widget_type=\"icon-list.default\">\n\t\t\t\t<div class=\"elementor-widget-container\">\n\t\t\t\t\t\t\t<ul class=\"elementor-icon-list-items elementor-inline-items\">\n\t\t\t\t\t\t\t<li class=\"elementor-icon-list-item elementor-inline-item\">\n\t\t\t\t\t\t\t\t\t\t<span class=\"elementor-icon-list-text\">M\u00e1rcia R. Teschner<\/span>\n\t\t\t\t\t\t\t\t\t<\/li>\n\t\t\t\t\t\t\t\t<li class=\"elementor-icon-list-item elementor-inline-item\">\n\t\t\t\t\t\t\t\t\t\t<span class=\"elementor-icon-list-text\">19 de March de 2026<\/span>\n\t\t\t\t\t\t\t\t\t<\/li>\n\t\t\t\t\t\t<\/ul>\n\t\t\t\t\t\t<\/div>\n\t\t\t\t<\/div>\n\t\t\t\t\t<\/div>\n\t\t<\/div>\n\t\t\t\t\t<\/div>\n\t\t<\/section>\n\t\t\t\t<\/div>\n\t\t\t\t<\/div>\n\t\t\n\t\t\t\t\t\t<\/div>\n\t\t\t\t<\/div>\n\t\t\t\t\t<\/div>\n\t\t<\/div>\n\t\t\t\t\t<\/div>\n\t\t<\/section>\n\t\t\t\t<section class=\"elementor-section elementor-top-section elementor-element elementor-element-5cb97cab elementor-section-boxed elementor-section-height-default elementor-section-height-default\" data-id=\"5cb97cab\" data-element_type=\"section\" data-e-type=\"section\" data-settings=\"{&quot;background_background&quot;:&quot;classic&quot;}\">\n\t\t\t\t\t\t<div class=\"elementor-container elementor-column-gap-default\">\n\t\t\t\t\t<div class=\"elementor-column elementor-col-100 elementor-top-column elementor-element elementor-element-38c6e192\" data-id=\"38c6e192\" data-element_type=\"column\" data-e-type=\"column\">\n\t\t\t<div class=\"elementor-widget-wrap elementor-element-populated\">\n\t\t\t\t\t\t<div class=\"elementor-element elementor-element-9755a32 elementor-widget elementor-widget-heading\" data-id=\"9755a32\" data-element_type=\"widget\" data-e-type=\"widget\" data-widget_type=\"heading.default\">\n\t\t\t\t<div class=\"elementor-widget-container\">\n\t\t\t\t\t<h2 class=\"elementor-heading-title elementor-size-default\">Confira outras <span class=\"destaque-titulo\">mat\u00e9rias<\/span><\/h2>\t\t\t\t<\/div>\n\t\t\t\t<\/div>\n\t\t\t\t<div class=\"elementor-element elementor-element-0e1c0c4 elementor-widget__width-initial elementor-widget-mobile__width-inherit elementor-widget elementor-widget-text-editor\" data-id=\"0e1c0c4\" data-element_type=\"widget\" data-e-type=\"widget\" data-widget_type=\"text-editor.default\">\n\t\t\t\t<div class=\"elementor-widget-container\">\n\t\t\t\t\t\t\t\t\t<p>Fique por dentro de tudo que h\u00e1 de mais interessante sobre a gastronomia da <strong>Cidade Criativa UNESCO da Gastronomia<\/strong>.\u00a0<\/p>\t\t\t\t\t\t\t\t<\/div>\n\t\t\t\t<\/div>\n\t\t\t\t<section class=\"elementor-section elementor-inner-section elementor-element elementor-element-05b5ded elementor-section-boxed elementor-section-height-default elementor-section-height-default\" data-id=\"05b5ded\" data-element_type=\"section\" data-e-type=\"section\">\n\t\t\t\t\t\t<div class=\"elementor-container elementor-column-gap-default\">\n\t\t\t\t\t<div class=\"elementor-column elementor-col-100 elementor-inner-column elementor-element elementor-element-66c807a\" data-id=\"66c807a\" data-element_type=\"column\" data-e-type=\"column\">\n\t\t\t<div class=\"elementor-widget-wrap elementor-element-populated\">\n\t\t\t\t\t\t<div class=\"elementor-element elementor-element-ed1d9d2 elementor-grid-3 elementor-grid-tablet-2 elementor-grid-mobile-1 elementor-widget elementor-widget-loop-grid\" data-id=\"ed1d9d2\" data-element_type=\"widget\" data-e-type=\"widget\" data-settings=\"{&quot;template_id&quot;:&quot;2662&quot;,&quot;row_gap&quot;:{&quot;unit&quot;:&quot;px&quot;,&quot;size&quot;:24,&quot;sizes&quot;:[]},&quot;pagination_type&quot;:&quot;load_more_on_click&quot;,&quot;_skin&quot;:&quot;post&quot;,&quot;columns&quot;:&quot;3&quot;,&quot;columns_tablet&quot;:&quot;2&quot;,&quot;columns_mobile&quot;:&quot;1&quot;,&quot;edit_handle_selector&quot;:&quot;[data-elementor-type=\\&quot;loop-item\\&quot;]&quot;,&quot;load_more_spinner&quot;:{&quot;value&quot;:&quot;fas fa-spinner&quot;,&quot;library&quot;:&quot;fa-solid&quot;},&quot;row_gap_tablet&quot;:{&quot;unit&quot;:&quot;px&quot;,&quot;size&quot;:&quot;&quot;,&quot;sizes&quot;:[]},&quot;row_gap_mobile&quot;:{&quot;unit&quot;:&quot;px&quot;,&quot;size&quot;:&quot;&quot;,&quot;sizes&quot;:[]}}\" data-widget_type=\"loop-grid.post\">\n\t\t\t\t<div class=\"elementor-widget-container\">\n\t\t\t\t\t\t\t<div class=\"elementor-loop-container elementor-grid\" role=\"list\">\n\t\t<style id=\"loop-2662\">.elementor-2662 .elementor-element.elementor-element-5bed497 img{height:250px;object-fit:cover;object-position:center center;transition-duration:0.5s;border-radius:12px 12px 12px 12px;}.elementor-2662 .elementor-element.elementor-element-5bed497:hover img{filter:brightness( 70% ) contrast( 100% ) saturate( 100% ) blur( 0px ) hue-rotate( 0deg );}.elementor-2662 .elementor-element.elementor-element-5bed497 > .elementor-widget-container{margin:0px 0px 24px 0px;}.elementor-2662 .elementor-element.elementor-element-67828ce .elementor-heading-title{font-family:\"Nunito\", Sans-serif;font-size:14px;font-weight:400;text-transform:uppercase;line-height:1em;letter-spacing:0px;color:var( --e-global-color-3ccfd52 );}.elementor-2662 .elementor-element.elementor-element-67828ce > .elementor-widget-container{margin:0px 0px 8px 0px;}.elementor-2662 .elementor-element.elementor-element-bc84350 .elementor-heading-title{font-family:\"Nunito\", Sans-serif;font-size:24px;font-weight:700;line-height:1em;letter-spacing:-0.8px;color:var( --e-global-color-7930c87 );}.elementor-2662 .elementor-element.elementor-element-bc84350 > .elementor-widget-container{margin:0px 0px 16px 0px;}.elementor-2662 .elementor-element.elementor-element-8a61e8a{font-family:\"Lato\", Sans-serif;font-size:16px;line-height:1.3em;letter-spacing:0px;color:var( --e-global-color-secondary );}.elementor-2662 .elementor-element.elementor-element-8a61e8a > .elementor-widget-container{margin:0px 0px 16px 0px;}.elementor-2662 .elementor-element.elementor-element-835e956 .elementor-icon-list-items:not(.elementor-inline-items) .elementor-icon-list-item:not(:last-child){padding-block-end:calc(24px\/2);}.elementor-2662 .elementor-element.elementor-element-835e956 .elementor-icon-list-items:not(.elementor-inline-items) .elementor-icon-list-item:not(:first-child){margin-block-start:calc(24px\/2);}.elementor-2662 .elementor-element.elementor-element-835e956 .elementor-icon-list-items.elementor-inline-items .elementor-icon-list-item{margin-inline:calc(24px\/2);}.elementor-2662 .elementor-element.elementor-element-835e956 .elementor-icon-list-items.elementor-inline-items{margin-inline:calc(-24px\/2);}.elementor-2662 .elementor-element.elementor-element-835e956 .elementor-icon-list-items.elementor-inline-items .elementor-icon-list-item:after{inset-inline-end:calc(-24px\/2);}.elementor-2662 .elementor-element.elementor-element-835e956 .elementor-icon-list-item:not(:last-child):after{content:\"\";border-color:var( --e-global-color-3ccfd52 );}.elementor-2662 .elementor-element.elementor-element-835e956 .elementor-icon-list-items:not(.elementor-inline-items) .elementor-icon-list-item:not(:last-child):after{border-block-start-style:solid;border-block-start-width:1px;}.elementor-2662 .elementor-element.elementor-element-835e956 .elementor-icon-list-items.elementor-inline-items .elementor-icon-list-item:not(:last-child):after{border-inline-start-style:solid;}.elementor-2662 .elementor-element.elementor-element-835e956 .elementor-inline-items .elementor-icon-list-item:not(:last-child):after{border-inline-start-width:1px;}.elementor-2662 .elementor-element.elementor-element-835e956 .elementor-icon-list-icon i{transition:color 0.3s;}.elementor-2662 .elementor-element.elementor-element-835e956 .elementor-icon-list-icon svg{transition:fill 0.3s;}.elementor-2662 .elementor-element.elementor-element-835e956{--e-icon-list-icon-size:14px;--icon-vertical-offset:0px;}.elementor-2662 .elementor-element.elementor-element-835e956 .elementor-icon-list-item > .elementor-icon-list-text, .elementor-2662 .elementor-element.elementor-element-835e956 .elementor-icon-list-item > a{font-family:\"Lato\", Sans-serif;font-size:13px;line-height:1.5em;letter-spacing:0px;}.elementor-2662 .elementor-element.elementor-element-835e956 .elementor-icon-list-text{color:var( --e-global-color-secondary );transition:color 0.3s;}@media(max-width:767px){.elementor-2662 .elementor-element.elementor-element-bc84350 .elementor-heading-title{font-size:32px;}}<\/style>\t\t<div data-elementor-type=\"loop-item\" data-elementor-id=\"2662\" class=\"elementor elementor-2662 e-loop-item e-loop-item-4378 post-4378 post type-post status-publish format-standard has-post-thumbnail hentry category-noticias tag-cultura tag-festival-i-love-tainha tag-gastronomia\" data-elementor-post-type=\"elementor_library\" data-custom-edit-handle=\"1\">\n\t\t\t\t\t<section class=\"elementor-section elementor-top-section elementor-element elementor-element-6b75e4c elementor-section-boxed elementor-section-height-default elementor-section-height-default\" data-id=\"6b75e4c\" data-element_type=\"section\" data-e-type=\"section\">\n\t\t\t\t\t\t<div class=\"elementor-container elementor-column-gap-default\">\n\t\t\t\t\t<div class=\"elementor-column elementor-col-100 elementor-top-column elementor-element elementor-element-4e0ec9d\" data-id=\"4e0ec9d\" data-element_type=\"column\" data-e-type=\"column\">\n\t\t\t<div class=\"elementor-widget-wrap elementor-element-populated\">\n\t\t\t\t\t\t<div class=\"elementor-element elementor-element-5bed497 elementor-widget elementor-widget-image\" data-id=\"5bed497\" data-element_type=\"widget\" data-e-type=\"widget\" data-widget_type=\"image.default\">\n\t\t\t\t<div class=\"elementor-widget-container\">\n\t\t\t\t\t\t\t\t\t\t\t\t\t\t\t\t<a href=\"https:\/\/cidadecriativa.floripa.br\/en\/safra-da-tainha-comeca-com-festival-que-reune-cultura-e-gastronomia\/\">\n\t\t\t\t\t\t\t<img loading=\"lazy\" decoding=\"async\" width=\"800\" height=\"533\" src=\"https:\/\/cidadecriativa.floripa.br\/wp-content\/uploads\/2026\/04\/tainha.jpg\" class=\"attachment-large size-large wp-image-4386\" alt=\"\" srcset=\"https:\/\/cidadecriativa.floripa.br\/wp-content\/uploads\/2026\/04\/tainha.jpg 960w, https:\/\/cidadecriativa.floripa.br\/wp-content\/uploads\/2026\/04\/tainha-300x200.jpg 300w, https:\/\/cidadecriativa.floripa.br\/wp-content\/uploads\/2026\/04\/tainha-768x512.jpg 768w, https:\/\/cidadecriativa.floripa.br\/wp-content\/uploads\/2026\/04\/tainha-18x12.jpg 18w\" sizes=\"(max-width: 800px) 100vw, 800px\" \/>\t\t\t\t\t\t\t\t<\/a>\n\t\t\t\t\t\t\t\t\t\t\t\t\t\t\t<\/div>\n\t\t\t\t<\/div>\n\t\t\t\t<div class=\"elementor-element elementor-element-67828ce elementor-widget elementor-widget-heading\" data-id=\"67828ce\" data-element_type=\"widget\" data-e-type=\"widget\" data-widget_type=\"heading.default\">\n\t\t\t\t<div class=\"elementor-widget-container\">\n\t\t\t\t\t<div class=\"elementor-heading-title elementor-size-default\"><span>Not\u00edcias<\/span><\/div>\t\t\t\t<\/div>\n\t\t\t\t<\/div>\n\t\t\t\t<div class=\"elementor-element elementor-element-bc84350 elementor-widget elementor-widget-heading\" data-id=\"bc84350\" data-element_type=\"widget\" data-e-type=\"widget\" data-widget_type=\"heading.default\">\n\t\t\t\t<div class=\"elementor-widget-container\">\n\t\t\t\t\t<h2 class=\"elementor-heading-title elementor-size-default\"><a href=\"https:\/\/cidadecriativa.floripa.br\/en\/safra-da-tainha-comeca-com-festival-que-reune-cultura-e-gastronomia\/\">Safra da tainha come\u00e7a com festival que re\u00fane cultura e gastronomia<\/a><\/h2>\t\t\t\t<\/div>\n\t\t\t\t<\/div>\n\t\t\t\t<div class=\"elementor-element elementor-element-8a61e8a elementor-widget elementor-widget-text-editor\" data-id=\"8a61e8a\" data-element_type=\"widget\" data-e-type=\"widget\" data-widget_type=\"text-editor.default\">\n\t\t\t\t<div class=\"elementor-widget-container\">\n\t\t\t\t\t\t\t\t\t<p>Acontece nos dias 2 e 3 de maio, na Beira-Mar Continental, o&nbsp;Festival I Love Tainha, evento gratuito que marca o&#8230;\t\t\t\t\t\t\t\t<\/div>\n\t\t\t\t<\/div>\n\t\t\t\t<div class=\"elementor-element elementor-element-835e956 elementor-icon-list--layout-inline elementor-list-item-link-full_width elementor-widget elementor-widget-icon-list\" data-id=\"835e956\" data-element_type=\"widget\" data-e-type=\"widget\" data-widget_type=\"icon-list.default\">\n\t\t\t\t<div class=\"elementor-widget-container\">\n\t\t\t\t\t\t\t<ul class=\"elementor-icon-list-items elementor-inline-items\">\n\t\t\t\t\t\t\t<li class=\"elementor-icon-list-item elementor-inline-item\">\n\t\t\t\t\t\t\t\t\t\t<span class=\"elementor-icon-list-text\">M\u00e1rcia R. Teschner<\/span>\n\t\t\t\t\t\t\t\t\t<\/li>\n\t\t\t\t\t\t\t\t<li class=\"elementor-icon-list-item elementor-inline-item\">\n\t\t\t\t\t\t\t\t\t\t<span class=\"elementor-icon-list-text\">23 de April de 2026<\/span>\n\t\t\t\t\t\t\t\t\t<\/li>\n\t\t\t\t\t\t<\/ul>\n\t\t\t\t\t\t<\/div>\n\t\t\t\t<\/div>\n\t\t\t\t\t<\/div>\n\t\t<\/div>\n\t\t\t\t\t<\/div>\n\t\t<\/section>\n\t\t\t\t<\/div>\n\t\t\t\t<div data-elementor-type=\"loop-item\" data-elementor-id=\"2662\" class=\"elementor elementor-2662 e-loop-item e-loop-item-4360 post-4360 post type-post status-publish format-standard has-post-thumbnail hentry category-noticias tag-gastronomia tag-maricultura tag-microalgas tag-ostras tag-ostras-de-florianopolis tag-ufsc\" data-elementor-post-type=\"elementor_library\" data-custom-edit-handle=\"1\">\n\t\t\t\t\t<section class=\"elementor-section elementor-top-section elementor-element elementor-element-6b75e4c elementor-section-boxed elementor-section-height-default elementor-section-height-default\" data-id=\"6b75e4c\" data-element_type=\"section\" data-e-type=\"section\">\n\t\t\t\t\t\t<div class=\"elementor-container elementor-column-gap-default\">\n\t\t\t\t\t<div class=\"elementor-column elementor-col-100 elementor-top-column elementor-element elementor-element-4e0ec9d\" data-id=\"4e0ec9d\" data-element_type=\"column\" data-e-type=\"column\">\n\t\t\t<div class=\"elementor-widget-wrap elementor-element-populated\">\n\t\t\t\t\t\t<div class=\"elementor-element elementor-element-5bed497 elementor-widget elementor-widget-image\" data-id=\"5bed497\" data-element_type=\"widget\" data-e-type=\"widget\" data-widget_type=\"image.default\">\n\t\t\t\t<div class=\"elementor-widget-container\">\n\t\t\t\t\t\t\t\t\t\t\t\t\t\t\t\t<a href=\"https:\/\/cidadecriativa.floripa.br\/en\/fenomeno-raro-deixa-ostras-esverdeadas-e-mais-saborosas-pesquisadores-da-ufsc-explicam\/\">\n\t\t\t\t\t\t\t<img decoding=\"async\" width=\"576\" height=\"1024\" src=\"https:\/\/cidadecriativa.floripa.br\/wp-content\/uploads\/2026\/04\/ostras-verdes-576x1024.jpg\" class=\"attachment-large size-large wp-image-4365\" alt=\"\" srcset=\"https:\/\/cidadecriativa.floripa.br\/wp-content\/uploads\/2026\/04\/ostras-verdes-576x1024.jpg 576w, https:\/\/cidadecriativa.floripa.br\/wp-content\/uploads\/2026\/04\/ostras-verdes-169x300.jpg 169w, https:\/\/cidadecriativa.floripa.br\/wp-content\/uploads\/2026\/04\/ostras-verdes-7x12.jpg 7w, https:\/\/cidadecriativa.floripa.br\/wp-content\/uploads\/2026\/04\/ostras-verdes.jpg 720w\" sizes=\"(max-width: 576px) 100vw, 576px\" \/>\t\t\t\t\t\t\t\t<\/a>\n\t\t\t\t\t\t\t\t\t\t\t\t\t\t\t<\/div>\n\t\t\t\t<\/div>\n\t\t\t\t<div class=\"elementor-element elementor-element-67828ce elementor-widget elementor-widget-heading\" data-id=\"67828ce\" data-element_type=\"widget\" data-e-type=\"widget\" data-widget_type=\"heading.default\">\n\t\t\t\t<div class=\"elementor-widget-container\">\n\t\t\t\t\t<div class=\"elementor-heading-title elementor-size-default\"><span>Not\u00edcias<\/span><\/div>\t\t\t\t<\/div>\n\t\t\t\t<\/div>\n\t\t\t\t<div class=\"elementor-element elementor-element-bc84350 elementor-widget elementor-widget-heading\" data-id=\"bc84350\" data-element_type=\"widget\" data-e-type=\"widget\" data-widget_type=\"heading.default\">\n\t\t\t\t<div class=\"elementor-widget-container\">\n\t\t\t\t\t<h2 class=\"elementor-heading-title elementor-size-default\"><a href=\"https:\/\/cidadecriativa.floripa.br\/en\/fenomeno-raro-deixa-ostras-esverdeadas-e-mais-saborosas-pesquisadores-da-ufsc-explicam\/\">Fen\u00f4meno raro deixa ostras esverdeadas e mais saborosas; pesquisadores da UFSC explicam<\/a><\/h2>\t\t\t\t<\/div>\n\t\t\t\t<\/div>\n\t\t\t\t<div class=\"elementor-element elementor-element-8a61e8a elementor-widget elementor-widget-text-editor\" data-id=\"8a61e8a\" data-element_type=\"widget\" data-e-type=\"widget\" data-widget_type=\"text-editor.default\">\n\t\t\t\t<div class=\"elementor-widget-container\">\n\t\t\t\t\t\t\t\t\t<p>Um fen\u00f4meno raro observado nas \u00faltimas tr\u00eas semanas na Ba\u00eda Sul, em Florian\u00f3polis, est\u00e1 mudando o aspecto e a qualidade&#8230;\t\t\t\t\t\t\t\t<\/div>\n\t\t\t\t<\/div>\n\t\t\t\t<div class=\"elementor-element elementor-element-835e956 elementor-icon-list--layout-inline elementor-list-item-link-full_width elementor-widget elementor-widget-icon-list\" data-id=\"835e956\" data-element_type=\"widget\" data-e-type=\"widget\" data-widget_type=\"icon-list.default\">\n\t\t\t\t<div class=\"elementor-widget-container\">\n\t\t\t\t\t\t\t<ul class=\"elementor-icon-list-items elementor-inline-items\">\n\t\t\t\t\t\t\t<li class=\"elementor-icon-list-item elementor-inline-item\">\n\t\t\t\t\t\t\t\t\t\t<span class=\"elementor-icon-list-text\">M\u00e1rcia R. Teschner<\/span>\n\t\t\t\t\t\t\t\t\t<\/li>\n\t\t\t\t\t\t\t\t<li class=\"elementor-icon-list-item elementor-inline-item\">\n\t\t\t\t\t\t\t\t\t\t<span class=\"elementor-icon-list-text\">13 de April de 2026<\/span>\n\t\t\t\t\t\t\t\t\t<\/li>\n\t\t\t\t\t\t<\/ul>\n\t\t\t\t\t\t<\/div>\n\t\t\t\t<\/div>\n\t\t\t\t\t<\/div>\n\t\t<\/div>\n\t\t\t\t\t<\/div>\n\t\t<\/section>\n\t\t\t\t<\/div>\n\t\t\t\t<div data-elementor-type=\"loop-item\" data-elementor-id=\"2662\" class=\"elementor elementor-2662 e-loop-item e-loop-item-4329 post-4329 post type-post status-publish format-standard has-post-thumbnail hentry category-noticias tag-cidade-criativa-unesco-da-gastronomia tag-floripamanha tag-gastronomia tag-macau\" data-elementor-post-type=\"elementor_library\" data-custom-edit-handle=\"1\">\n\t\t\t\t\t<section class=\"elementor-section elementor-top-section elementor-element elementor-element-6b75e4c elementor-section-boxed elementor-section-height-default elementor-section-height-default\" data-id=\"6b75e4c\" data-element_type=\"section\" data-e-type=\"section\">\n\t\t\t\t\t\t<div class=\"elementor-container elementor-column-gap-default\">\n\t\t\t\t\t<div class=\"elementor-column elementor-col-100 elementor-top-column elementor-element elementor-element-4e0ec9d\" data-id=\"4e0ec9d\" data-element_type=\"column\" data-e-type=\"column\">\n\t\t\t<div class=\"elementor-widget-wrap elementor-element-populated\">\n\t\t\t\t\t\t<div class=\"elementor-element elementor-element-5bed497 elementor-widget elementor-widget-image\" data-id=\"5bed497\" data-element_type=\"widget\" data-e-type=\"widget\" data-widget_type=\"image.default\">\n\t\t\t\t<div class=\"elementor-widget-container\">\n\t\t\t\t\t\t\t\t\t\t\t\t\t\t\t\t<a href=\"https:\/\/cidadecriativa.floripa.br\/en\/florianopolis-amplia-presenca-em-macau-e-traz-aprendizados-para-fortalecer-o-turismo-gastronomico\/\">\n\t\t\t\t\t\t\t<img decoding=\"async\" width=\"800\" height=\"450\" src=\"https:\/\/cidadecriativa.floripa.br\/wp-content\/uploads\/2026\/04\/macau-abertura-marcus-1024x576-1.jpg\" class=\"attachment-large size-large wp-image-4336\" alt=\"\" srcset=\"https:\/\/cidadecriativa.floripa.br\/wp-content\/uploads\/2026\/04\/macau-abertura-marcus-1024x576-1.jpg 1024w, https:\/\/cidadecriativa.floripa.br\/wp-content\/uploads\/2026\/04\/macau-abertura-marcus-1024x576-1-300x169.jpg 300w, https:\/\/cidadecriativa.floripa.br\/wp-content\/uploads\/2026\/04\/macau-abertura-marcus-1024x576-1-768x432.jpg 768w, https:\/\/cidadecriativa.floripa.br\/wp-content\/uploads\/2026\/04\/macau-abertura-marcus-1024x576-1-18x10.jpg 18w\" sizes=\"(max-width: 800px) 100vw, 800px\" \/>\t\t\t\t\t\t\t\t<\/a>\n\t\t\t\t\t\t\t\t\t\t\t\t\t\t\t<\/div>\n\t\t\t\t<\/div>\n\t\t\t\t<div class=\"elementor-element elementor-element-67828ce elementor-widget elementor-widget-heading\" data-id=\"67828ce\" data-element_type=\"widget\" data-e-type=\"widget\" data-widget_type=\"heading.default\">\n\t\t\t\t<div class=\"elementor-widget-container\">\n\t\t\t\t\t<div class=\"elementor-heading-title elementor-size-default\"><span>Not\u00edcias<\/span><\/div>\t\t\t\t<\/div>\n\t\t\t\t<\/div>\n\t\t\t\t<div class=\"elementor-element elementor-element-bc84350 elementor-widget elementor-widget-heading\" data-id=\"bc84350\" data-element_type=\"widget\" data-e-type=\"widget\" data-widget_type=\"heading.default\">\n\t\t\t\t<div class=\"elementor-widget-container\">\n\t\t\t\t\t<h2 class=\"elementor-heading-title elementor-size-default\"><a href=\"https:\/\/cidadecriativa.floripa.br\/en\/florianopolis-amplia-presenca-em-macau-e-traz-aprendizados-para-fortalecer-o-turismo-gastronomico\/\">Florian\u00f3polis amplia presen\u00e7a em Macau e traz aprendizados para fortalecer o turismo gastron\u00f4mico<\/a><\/h2>\t\t\t\t<\/div>\n\t\t\t\t<\/div>\n\t\t\t\t<div class=\"elementor-element elementor-element-8a61e8a elementor-widget elementor-widget-text-editor\" data-id=\"8a61e8a\" data-element_type=\"widget\" data-e-type=\"widget\" data-widget_type=\"text-editor.default\">\n\t\t\t\t<div class=\"elementor-widget-container\">\n\t\t\t\t\t\t\t\t\t<p>A participa\u00e7\u00e3o de Florian\u00f3polis na Festa Internacional das Cidades de Gastronomia, em Macau, refor\u00e7ou a presen\u00e7a internacional da capital catarinense&#8230;\t\t\t\t\t\t\t\t<\/div>\n\t\t\t\t<\/div>\n\t\t\t\t<div class=\"elementor-element elementor-element-835e956 elementor-icon-list--layout-inline elementor-list-item-link-full_width elementor-widget elementor-widget-icon-list\" data-id=\"835e956\" data-element_type=\"widget\" data-e-type=\"widget\" data-widget_type=\"icon-list.default\">\n\t\t\t\t<div class=\"elementor-widget-container\">\n\t\t\t\t\t\t\t<ul class=\"elementor-icon-list-items elementor-inline-items\">\n\t\t\t\t\t\t\t<li class=\"elementor-icon-list-item elementor-inline-item\">\n\t\t\t\t\t\t\t\t\t\t<span class=\"elementor-icon-list-text\">M\u00e1rcia R. Teschner<\/span>\n\t\t\t\t\t\t\t\t\t<\/li>\n\t\t\t\t\t\t\t\t<li class=\"elementor-icon-list-item elementor-inline-item\">\n\t\t\t\t\t\t\t\t\t\t<span class=\"elementor-icon-list-text\">7 de April de 2026<\/span>\n\t\t\t\t\t\t\t\t\t<\/li>\n\t\t\t\t\t\t<\/ul>\n\t\t\t\t\t\t<\/div>\n\t\t\t\t<\/div>\n\t\t\t\t\t<\/div>\n\t\t<\/div>\n\t\t\t\t\t<\/div>\n\t\t<\/section>\n\t\t\t\t<\/div>\n\t\t\t\t<div data-elementor-type=\"loop-item\" data-elementor-id=\"2662\" class=\"elementor elementor-2662 e-loop-item e-loop-item-4292 post-4292 post type-post status-publish format-standard has-post-thumbnail hentry category-noticias tag-cidade-criativa-unesco-da-gastronomia tag-economia-criativa tag-gastronomia tag-macau\" data-elementor-post-type=\"elementor_library\" data-custom-edit-handle=\"1\">\n\t\t\t\t\t<section class=\"elementor-section elementor-top-section elementor-element elementor-element-6b75e4c elementor-section-boxed elementor-section-height-default elementor-section-height-default\" data-id=\"6b75e4c\" data-element_type=\"section\" data-e-type=\"section\">\n\t\t\t\t\t\t<div class=\"elementor-container elementor-column-gap-default\">\n\t\t\t\t\t<div class=\"elementor-column elementor-col-100 elementor-top-column elementor-element elementor-element-4e0ec9d\" data-id=\"4e0ec9d\" data-element_type=\"column\" data-e-type=\"column\">\n\t\t\t<div class=\"elementor-widget-wrap elementor-element-populated\">\n\t\t\t\t\t\t<div class=\"elementor-element elementor-element-5bed497 elementor-widget elementor-widget-image\" data-id=\"5bed497\" data-element_type=\"widget\" data-e-type=\"widget\" data-widget_type=\"image.default\">\n\t\t\t\t<div class=\"elementor-widget-container\">\n\t\t\t\t\t\t\t\t\t\t\t\t\t\t\t\t<a href=\"https:\/\/cidadecriativa.floripa.br\/en\/florianopolis-embarca-para-macau-e-amplia-presenca-internacional-na-rede-unesco-da-gastronomia\/\">\n\t\t\t\t\t\t\t<img loading=\"lazy\" decoding=\"async\" width=\"589\" height=\"329\" src=\"https:\/\/cidadecriativa.floripa.br\/wp-content\/uploads\/2026\/03\/macau-dtq-unesco.jpg\" class=\"attachment-large size-large wp-image-4307\" alt=\"\" srcset=\"https:\/\/cidadecriativa.floripa.br\/wp-content\/uploads\/2026\/03\/macau-dtq-unesco.jpg 589w, https:\/\/cidadecriativa.floripa.br\/wp-content\/uploads\/2026\/03\/macau-dtq-unesco-300x168.jpg 300w, https:\/\/cidadecriativa.floripa.br\/wp-content\/uploads\/2026\/03\/macau-dtq-unesco-18x10.jpg 18w\" sizes=\"(max-width: 589px) 100vw, 589px\" \/>\t\t\t\t\t\t\t\t<\/a>\n\t\t\t\t\t\t\t\t\t\t\t\t\t\t\t<\/div>\n\t\t\t\t<\/div>\n\t\t\t\t<div class=\"elementor-element elementor-element-67828ce elementor-widget elementor-widget-heading\" data-id=\"67828ce\" data-element_type=\"widget\" data-e-type=\"widget\" data-widget_type=\"heading.default\">\n\t\t\t\t<div class=\"elementor-widget-container\">\n\t\t\t\t\t<div class=\"elementor-heading-title elementor-size-default\"><span>Not\u00edcias<\/span><\/div>\t\t\t\t<\/div>\n\t\t\t\t<\/div>\n\t\t\t\t<div class=\"elementor-element elementor-element-bc84350 elementor-widget elementor-widget-heading\" data-id=\"bc84350\" data-element_type=\"widget\" data-e-type=\"widget\" data-widget_type=\"heading.default\">\n\t\t\t\t<div class=\"elementor-widget-container\">\n\t\t\t\t\t<h2 class=\"elementor-heading-title elementor-size-default\"><a href=\"https:\/\/cidadecriativa.floripa.br\/en\/florianopolis-embarca-para-macau-e-amplia-presenca-internacional-na-rede-unesco-da-gastronomia\/\">Florian\u00f3polis embarca para Macau e amplia presen\u00e7a internacional na Rede UNESCO da Gastronomia<\/a><\/h2>\t\t\t\t<\/div>\n\t\t\t\t<\/div>\n\t\t\t\t<div class=\"elementor-element elementor-element-8a61e8a elementor-widget elementor-widget-text-editor\" data-id=\"8a61e8a\" data-element_type=\"widget\" data-e-type=\"widget\" data-widget_type=\"text-editor.default\">\n\t\t\t\t<div class=\"elementor-widget-container\">\n\t\t\t\t\t\t\t\t\t<p>Florian\u00f3polis iniciou nesta segunda e ter\u00e7a-feira, 16 e 17\/03, o embarque de sua delega\u00e7\u00e3o para Macau, na China, onde participa&#8230;\t\t\t\t\t\t\t\t<\/div>\n\t\t\t\t<\/div>\n\t\t\t\t<div class=\"elementor-element elementor-element-835e956 elementor-icon-list--layout-inline elementor-list-item-link-full_width elementor-widget elementor-widget-icon-list\" data-id=\"835e956\" data-element_type=\"widget\" data-e-type=\"widget\" data-widget_type=\"icon-list.default\">\n\t\t\t\t<div class=\"elementor-widget-container\">\n\t\t\t\t\t\t\t<ul class=\"elementor-icon-list-items elementor-inline-items\">\n\t\t\t\t\t\t\t<li class=\"elementor-icon-list-item elementor-inline-item\">\n\t\t\t\t\t\t\t\t\t\t<span class=\"elementor-icon-list-text\">M\u00e1rcia R. Teschner<\/span>\n\t\t\t\t\t\t\t\t\t<\/li>\n\t\t\t\t\t\t\t\t<li class=\"elementor-icon-list-item elementor-inline-item\">\n\t\t\t\t\t\t\t\t\t\t<span class=\"elementor-icon-list-text\">19 de March de 2026<\/span>\n\t\t\t\t\t\t\t\t\t<\/li>\n\t\t\t\t\t\t<\/ul>\n\t\t\t\t\t\t<\/div>\n\t\t\t\t<\/div>\n\t\t\t\t\t<\/div>\n\t\t<\/div>\n\t\t\t\t\t<\/div>\n\t\t<\/section>\n\t\t\t\t<\/div>\n\t\t\t\t<div data-elementor-type=\"loop-item\" data-elementor-id=\"2662\" class=\"elementor elementor-2662 e-loop-item e-loop-item-4256 post-4256 post type-post status-publish format-standard has-post-thumbnail hentry category-noticias tag-cidade-criativa-unesco-da-gastronomia tag-gastronomia tag-programa-florianopolis-cidade-criativa-unesco-da-gastronomia tag-tv-brasil\" data-elementor-post-type=\"elementor_library\" data-custom-edit-handle=\"1\">\n\t\t\t\t\t<section class=\"elementor-section elementor-top-section elementor-element elementor-element-6b75e4c elementor-section-boxed elementor-section-height-default elementor-section-height-default\" data-id=\"6b75e4c\" data-element_type=\"section\" data-e-type=\"section\">\n\t\t\t\t\t\t<div class=\"elementor-container elementor-column-gap-default\">\n\t\t\t\t\t<div class=\"elementor-column elementor-col-100 elementor-top-column elementor-element elementor-element-4e0ec9d\" data-id=\"4e0ec9d\" data-element_type=\"column\" data-e-type=\"column\">\n\t\t\t<div class=\"elementor-widget-wrap elementor-element-populated\">\n\t\t\t\t\t\t<div class=\"elementor-element elementor-element-5bed497 elementor-widget elementor-widget-image\" data-id=\"5bed497\" data-element_type=\"widget\" data-e-type=\"widget\" data-widget_type=\"image.default\">\n\t\t\t\t<div class=\"elementor-widget-container\">\n\t\t\t\t\t\t\t\t\t\t\t\t\t\t\t\t<a href=\"https:\/\/cidadecriativa.floripa.br\/en\/serie-da-tv-brasil-destaca-o-programa-florianopolis-cidade-criativa-unesco-da-gastronomia\/\">\n\t\t\t\t\t\t\t<img loading=\"lazy\" decoding=\"async\" width=\"800\" height=\"450\" src=\"https:\/\/cidadecriativa.floripa.br\/wp-content\/uploads\/2026\/03\/tv-brasil-dtq-1024x576.webp\" class=\"attachment-large size-large wp-image-4268\" alt=\"\" srcset=\"https:\/\/cidadecriativa.floripa.br\/wp-content\/uploads\/2026\/03\/tv-brasil-dtq-1024x576.webp 1024w, https:\/\/cidadecriativa.floripa.br\/wp-content\/uploads\/2026\/03\/tv-brasil-dtq-300x169.webp 300w, https:\/\/cidadecriativa.floripa.br\/wp-content\/uploads\/2026\/03\/tv-brasil-dtq-768x432.webp 768w, https:\/\/cidadecriativa.floripa.br\/wp-content\/uploads\/2026\/03\/tv-brasil-dtq-18x10.webp 18w, https:\/\/cidadecriativa.floripa.br\/wp-content\/uploads\/2026\/03\/tv-brasil-dtq.webp 1280w\" sizes=\"(max-width: 800px) 100vw, 800px\" \/>\t\t\t\t\t\t\t\t<\/a>\n\t\t\t\t\t\t\t\t\t\t\t\t\t\t\t<\/div>\n\t\t\t\t<\/div>\n\t\t\t\t<div class=\"elementor-element elementor-element-67828ce elementor-widget elementor-widget-heading\" data-id=\"67828ce\" data-element_type=\"widget\" data-e-type=\"widget\" data-widget_type=\"heading.default\">\n\t\t\t\t<div class=\"elementor-widget-container\">\n\t\t\t\t\t<div class=\"elementor-heading-title elementor-size-default\"><span>Not\u00edcias<\/span><\/div>\t\t\t\t<\/div>\n\t\t\t\t<\/div>\n\t\t\t\t<div class=\"elementor-element elementor-element-bc84350 elementor-widget elementor-widget-heading\" data-id=\"bc84350\" data-element_type=\"widget\" data-e-type=\"widget\" data-widget_type=\"heading.default\">\n\t\t\t\t<div class=\"elementor-widget-container\">\n\t\t\t\t\t<h2 class=\"elementor-heading-title elementor-size-default\"><a href=\"https:\/\/cidadecriativa.floripa.br\/en\/serie-da-tv-brasil-destaca-o-programa-florianopolis-cidade-criativa-unesco-da-gastronomia\/\">S\u00e9rie da TV Brasil destaca o Programa Florian\u00f3polis Cidade Criativa UNESCO da Gastronomia<\/a><\/h2>\t\t\t\t<\/div>\n\t\t\t\t<\/div>\n\t\t\t\t<div class=\"elementor-element elementor-element-8a61e8a elementor-widget elementor-widget-text-editor\" data-id=\"8a61e8a\" data-element_type=\"widget\" data-e-type=\"widget\" data-widget_type=\"text-editor.default\">\n\t\t\t\t<div class=\"elementor-widget-container\">\n\t\t\t\t\t\t\t\t\t<p>O Programa Florian\u00f3polis Cidade Criativa UNESCO da Gastronomia ganhou novo espa\u00e7o de visibilidade com o epis\u00f3dio A Magia em Floripa:&#8230;\t\t\t\t\t\t\t\t<\/div>\n\t\t\t\t<\/div>\n\t\t\t\t<div class=\"elementor-element elementor-element-835e956 elementor-icon-list--layout-inline elementor-list-item-link-full_width elementor-widget elementor-widget-icon-list\" data-id=\"835e956\" data-element_type=\"widget\" data-e-type=\"widget\" data-widget_type=\"icon-list.default\">\n\t\t\t\t<div class=\"elementor-widget-container\">\n\t\t\t\t\t\t\t<ul class=\"elementor-icon-list-items elementor-inline-items\">\n\t\t\t\t\t\t\t<li class=\"elementor-icon-list-item elementor-inline-item\">\n\t\t\t\t\t\t\t\t\t\t<span class=\"elementor-icon-list-text\">M\u00e1rcia R. Teschner<\/span>\n\t\t\t\t\t\t\t\t\t<\/li>\n\t\t\t\t\t\t\t\t<li class=\"elementor-icon-list-item elementor-inline-item\">\n\t\t\t\t\t\t\t\t\t\t<span class=\"elementor-icon-list-text\">10 de March de 2026<\/span>\n\t\t\t\t\t\t\t\t\t<\/li>\n\t\t\t\t\t\t<\/ul>\n\t\t\t\t\t\t<\/div>\n\t\t\t\t<\/div>\n\t\t\t\t\t<\/div>\n\t\t<\/div>\n\t\t\t\t\t<\/div>\n\t\t<\/section>\n\t\t\t\t<\/div>\n\t\t\t\t<div data-elementor-type=\"loop-item\" data-elementor-id=\"2662\" class=\"elementor elementor-2662 e-loop-item e-loop-item-4238 post-4238 post type-post status-publish format-standard has-post-thumbnail hentry category-noticias tag-cidade-criativa-unesco-da-gastronomia tag-economia-criativa tag-floripamanha tag-gastronomia tag-macau tag-programa-florianopolis-cidade-criativa-unesco-da-gastronomia\" data-elementor-post-type=\"elementor_library\" data-custom-edit-handle=\"1\">\n\t\t\t\t\t<section class=\"elementor-section elementor-top-section elementor-element elementor-element-6b75e4c elementor-section-boxed elementor-section-height-default elementor-section-height-default\" data-id=\"6b75e4c\" data-element_type=\"section\" data-e-type=\"section\">\n\t\t\t\t\t\t<div class=\"elementor-container elementor-column-gap-default\">\n\t\t\t\t\t<div class=\"elementor-column elementor-col-100 elementor-top-column elementor-element elementor-element-4e0ec9d\" data-id=\"4e0ec9d\" data-element_type=\"column\" data-e-type=\"column\">\n\t\t\t<div class=\"elementor-widget-wrap elementor-element-populated\">\n\t\t\t\t\t\t<div class=\"elementor-element elementor-element-5bed497 elementor-widget elementor-widget-image\" data-id=\"5bed497\" data-element_type=\"widget\" data-e-type=\"widget\" data-widget_type=\"image.default\">\n\t\t\t\t<div class=\"elementor-widget-container\">\n\t\t\t\t\t\t\t\t\t\t\t\t\t\t\t\t<a href=\"https:\/\/cidadecriativa.floripa.br\/en\/macau-2026-florianopolis-leva-chefs-e-produtores-a-novo-encontro-da-rede-unesco-da-gastronomia\/\">\n\t\t\t\t\t\t\t<img loading=\"lazy\" decoding=\"async\" width=\"800\" height=\"533\" src=\"https:\/\/cidadecriativa.floripa.br\/wp-content\/uploads\/2026\/02\/macau-26.jpg\" class=\"attachment-large size-large wp-image-4242\" alt=\"\" srcset=\"https:\/\/cidadecriativa.floripa.br\/wp-content\/uploads\/2026\/02\/macau-26.jpg 960w, https:\/\/cidadecriativa.floripa.br\/wp-content\/uploads\/2026\/02\/macau-26-300x200.jpg 300w, https:\/\/cidadecriativa.floripa.br\/wp-content\/uploads\/2026\/02\/macau-26-768x512.jpg 768w, https:\/\/cidadecriativa.floripa.br\/wp-content\/uploads\/2026\/02\/macau-26-18x12.jpg 18w\" sizes=\"(max-width: 800px) 100vw, 800px\" \/>\t\t\t\t\t\t\t\t<\/a>\n\t\t\t\t\t\t\t\t\t\t\t\t\t\t\t<\/div>\n\t\t\t\t<\/div>\n\t\t\t\t<div class=\"elementor-element elementor-element-67828ce elementor-widget elementor-widget-heading\" data-id=\"67828ce\" data-element_type=\"widget\" data-e-type=\"widget\" data-widget_type=\"heading.default\">\n\t\t\t\t<div class=\"elementor-widget-container\">\n\t\t\t\t\t<div class=\"elementor-heading-title elementor-size-default\"><span>Not\u00edcias<\/span><\/div>\t\t\t\t<\/div>\n\t\t\t\t<\/div>\n\t\t\t\t<div class=\"elementor-element elementor-element-bc84350 elementor-widget elementor-widget-heading\" data-id=\"bc84350\" data-element_type=\"widget\" data-e-type=\"widget\" data-widget_type=\"heading.default\">\n\t\t\t\t<div class=\"elementor-widget-container\">\n\t\t\t\t\t<h2 class=\"elementor-heading-title elementor-size-default\"><a href=\"https:\/\/cidadecriativa.floripa.br\/en\/macau-2026-florianopolis-leva-chefs-e-produtores-a-novo-encontro-da-rede-unesco-da-gastronomia\/\">Macau 2026: Florian\u00f3polis leva chefs e produtores a novo encontro da Rede UNESCO da Gastronomia<\/a><\/h2>\t\t\t\t<\/div>\n\t\t\t\t<\/div>\n\t\t\t\t<div class=\"elementor-element elementor-element-8a61e8a elementor-widget elementor-widget-text-editor\" data-id=\"8a61e8a\" data-element_type=\"widget\" data-e-type=\"widget\" data-widget_type=\"text-editor.default\">\n\t\t\t\t<div class=\"elementor-widget-container\">\n\t\t\t\t\t\t\t\t\t<p>Florian\u00f3polis se prepara para participar de mais uma edi\u00e7\u00e3o do festival gastron\u00f4mico de Macau, na China, prevista para mar\u00e7o de&#8230;\t\t\t\t\t\t\t\t<\/div>\n\t\t\t\t<\/div>\n\t\t\t\t<div class=\"elementor-element elementor-element-835e956 elementor-icon-list--layout-inline elementor-list-item-link-full_width elementor-widget elementor-widget-icon-list\" data-id=\"835e956\" data-element_type=\"widget\" data-e-type=\"widget\" data-widget_type=\"icon-list.default\">\n\t\t\t\t<div class=\"elementor-widget-container\">\n\t\t\t\t\t\t\t<ul class=\"elementor-icon-list-items elementor-inline-items\">\n\t\t\t\t\t\t\t<li class=\"elementor-icon-list-item elementor-inline-item\">\n\t\t\t\t\t\t\t\t\t\t<span class=\"elementor-icon-list-text\">M\u00e1rcia R. Teschner<\/span>\n\t\t\t\t\t\t\t\t\t<\/li>\n\t\t\t\t\t\t\t\t<li class=\"elementor-icon-list-item elementor-inline-item\">\n\t\t\t\t\t\t\t\t\t\t<span class=\"elementor-icon-list-text\">20 de February de 2026<\/span>\n\t\t\t\t\t\t\t\t\t<\/li>\n\t\t\t\t\t\t<\/ul>\n\t\t\t\t\t\t<\/div>\n\t\t\t\t<\/div>\n\t\t\t\t\t<\/div>\n\t\t<\/div>\n\t\t\t\t\t<\/div>\n\t\t<\/section>\n\t\t\t\t<\/div>\n\t\t\t\t<div data-elementor-type=\"loop-item\" data-elementor-id=\"2662\" class=\"elementor elementor-2662 e-loop-item e-loop-item-4232 post-4232 post type-post status-publish format-standard has-post-thumbnail hentry category-noticias tag-china tag-cidade-criativa-unesco-da-gastronomia tag-economia-criativa tag-gastronomia tag-macau tag-narbal-correa tag-programa-florianopolis-cidade-criativa-unesco-da-gastronomia\" data-elementor-post-type=\"elementor_library\" data-custom-edit-handle=\"1\">\n\t\t\t\t\t<section class=\"elementor-section elementor-top-section elementor-element elementor-element-6b75e4c elementor-section-boxed elementor-section-height-default elementor-section-height-default\" data-id=\"6b75e4c\" data-element_type=\"section\" data-e-type=\"section\">\n\t\t\t\t\t\t<div class=\"elementor-container elementor-column-gap-default\">\n\t\t\t\t\t<div class=\"elementor-column elementor-col-100 elementor-top-column elementor-element elementor-element-4e0ec9d\" data-id=\"4e0ec9d\" data-element_type=\"column\" data-e-type=\"column\">\n\t\t\t<div class=\"elementor-widget-wrap elementor-element-populated\">\n\t\t\t\t\t\t<div class=\"elementor-element elementor-element-5bed497 elementor-widget elementor-widget-image\" data-id=\"5bed497\" data-element_type=\"widget\" data-e-type=\"widget\" data-widget_type=\"image.default\">\n\t\t\t\t<div class=\"elementor-widget-container\">\n\t\t\t\t\t\t\t\t\t\t\t\t\t\t\t\t<a href=\"https:\/\/cidadecriativa.floripa.br\/en\/chefe-manezinho-leva-os-sabores-de-florianopolis-para-a-china\/\">\n\t\t\t\t\t\t\t<img loading=\"lazy\" decoding=\"async\" width=\"800\" height=\"533\" src=\"https:\/\/cidadecriativa.floripa.br\/wp-content\/uploads\/2026\/02\/narbal-correa-livro.jpg\" class=\"attachment-large size-large wp-image-4233\" alt=\"\" srcset=\"https:\/\/cidadecriativa.floripa.br\/wp-content\/uploads\/2026\/02\/narbal-correa-livro.jpg 960w, https:\/\/cidadecriativa.floripa.br\/wp-content\/uploads\/2026\/02\/narbal-correa-livro-300x200.jpg 300w, https:\/\/cidadecriativa.floripa.br\/wp-content\/uploads\/2026\/02\/narbal-correa-livro-768x512.jpg 768w, https:\/\/cidadecriativa.floripa.br\/wp-content\/uploads\/2026\/02\/narbal-correa-livro-18x12.jpg 18w\" sizes=\"(max-width: 800px) 100vw, 800px\" \/>\t\t\t\t\t\t\t\t<\/a>\n\t\t\t\t\t\t\t\t\t\t\t\t\t\t\t<\/div>\n\t\t\t\t<\/div>\n\t\t\t\t<div class=\"elementor-element elementor-element-67828ce elementor-widget elementor-widget-heading\" data-id=\"67828ce\" data-element_type=\"widget\" data-e-type=\"widget\" data-widget_type=\"heading.default\">\n\t\t\t\t<div class=\"elementor-widget-container\">\n\t\t\t\t\t<div class=\"elementor-heading-title elementor-size-default\"><span>Not\u00edcias<\/span><\/div>\t\t\t\t<\/div>\n\t\t\t\t<\/div>\n\t\t\t\t<div class=\"elementor-element elementor-element-bc84350 elementor-widget elementor-widget-heading\" data-id=\"bc84350\" data-element_type=\"widget\" data-e-type=\"widget\" data-widget_type=\"heading.default\">\n\t\t\t\t<div class=\"elementor-widget-container\">\n\t\t\t\t\t<h2 class=\"elementor-heading-title elementor-size-default\"><a href=\"https:\/\/cidadecriativa.floripa.br\/en\/chefe-manezinho-leva-os-sabores-de-florianopolis-para-a-china\/\">Chefe manezinho leva os sabores de Florian\u00f3polis para a China<\/a><\/h2>\t\t\t\t<\/div>\n\t\t\t\t<\/div>\n\t\t\t\t<div class=\"elementor-element elementor-element-8a61e8a elementor-widget elementor-widget-text-editor\" data-id=\"8a61e8a\" data-element_type=\"widget\" data-e-type=\"widget\" data-widget_type=\"text-editor.default\">\n\t\t\t\t<div class=\"elementor-widget-container\">\n\t\t\t\t\t\t\t\t\t<p>Manezinho da Ilha, pescador por voca\u00e7\u00e3o e cozinheiro por destino, o chefe Narbal Correa prepara mais uma travessia internacional levando&#8230;\t\t\t\t\t\t\t\t<\/div>\n\t\t\t\t<\/div>\n\t\t\t\t<div class=\"elementor-element elementor-element-835e956 elementor-icon-list--layout-inline elementor-list-item-link-full_width elementor-widget elementor-widget-icon-list\" data-id=\"835e956\" data-element_type=\"widget\" data-e-type=\"widget\" data-widget_type=\"icon-list.default\">\n\t\t\t\t<div class=\"elementor-widget-container\">\n\t\t\t\t\t\t\t<ul class=\"elementor-icon-list-items elementor-inline-items\">\n\t\t\t\t\t\t\t<li class=\"elementor-icon-list-item elementor-inline-item\">\n\t\t\t\t\t\t\t\t\t\t<span class=\"elementor-icon-list-text\">M\u00e1rcia R. Teschner<\/span>\n\t\t\t\t\t\t\t\t\t<\/li>\n\t\t\t\t\t\t\t\t<li class=\"elementor-icon-list-item elementor-inline-item\">\n\t\t\t\t\t\t\t\t\t\t<span class=\"elementor-icon-list-text\">11 de February de 2026<\/span>\n\t\t\t\t\t\t\t\t\t<\/li>\n\t\t\t\t\t\t<\/ul>\n\t\t\t\t\t\t<\/div>\n\t\t\t\t<\/div>\n\t\t\t\t\t<\/div>\n\t\t<\/div>\n\t\t\t\t\t<\/div>\n\t\t<\/section>\n\t\t\t\t<\/div>\n\t\t\t\t<div data-elementor-type=\"loop-item\" data-elementor-id=\"2662\" class=\"elementor elementor-2662 e-loop-item e-loop-item-4216 post-4216 post type-post status-publish format-standard has-post-thumbnail hentry category-noticias tag-chefs tag-gastronomia\" data-elementor-post-type=\"elementor_library\" data-custom-edit-handle=\"1\">\n\t\t\t\t\t<section class=\"elementor-section elementor-top-section elementor-element elementor-element-6b75e4c elementor-section-boxed elementor-section-height-default elementor-section-height-default\" data-id=\"6b75e4c\" data-element_type=\"section\" data-e-type=\"section\">\n\t\t\t\t\t\t<div class=\"elementor-container elementor-column-gap-default\">\n\t\t\t\t\t<div class=\"elementor-column elementor-col-100 elementor-top-column elementor-element elementor-element-4e0ec9d\" data-id=\"4e0ec9d\" data-element_type=\"column\" data-e-type=\"column\">\n\t\t\t<div class=\"elementor-widget-wrap elementor-element-populated\">\n\t\t\t\t\t\t<div class=\"elementor-element elementor-element-5bed497 elementor-widget elementor-widget-image\" data-id=\"5bed497\" data-element_type=\"widget\" data-e-type=\"widget\" data-widget_type=\"image.default\">\n\t\t\t\t<div class=\"elementor-widget-container\">\n\t\t\t\t\t\t\t\t\t\t\t\t\t\t\t\t<a href=\"https:\/\/cidadecriativa.floripa.br\/en\/chefs-de-santa-catarina-revelam-suas-apostas-para-a-gastronomia-em-2026\/\">\n\t\t\t\t\t\t\t<img loading=\"lazy\" decoding=\"async\" width=\"800\" height=\"533\" src=\"https:\/\/cidadecriativa.floripa.br\/wp-content\/uploads\/2026\/01\/chefs-gastronomia-2026.jpg\" class=\"attachment-large size-large wp-image-4217\" alt=\"\" \/>\t\t\t\t\t\t\t\t<\/a>\n\t\t\t\t\t\t\t\t\t\t\t\t\t\t\t<\/div>\n\t\t\t\t<\/div>\n\t\t\t\t<div class=\"elementor-element elementor-element-67828ce elementor-widget elementor-widget-heading\" data-id=\"67828ce\" data-element_type=\"widget\" data-e-type=\"widget\" data-widget_type=\"heading.default\">\n\t\t\t\t<div class=\"elementor-widget-container\">\n\t\t\t\t\t<div class=\"elementor-heading-title elementor-size-default\"><span>Not\u00edcias<\/span><\/div>\t\t\t\t<\/div>\n\t\t\t\t<\/div>\n\t\t\t\t<div class=\"elementor-element elementor-element-bc84350 elementor-widget elementor-widget-heading\" data-id=\"bc84350\" data-element_type=\"widget\" data-e-type=\"widget\" data-widget_type=\"heading.default\">\n\t\t\t\t<div class=\"elementor-widget-container\">\n\t\t\t\t\t<h2 class=\"elementor-heading-title elementor-size-default\"><a href=\"https:\/\/cidadecriativa.floripa.br\/en\/chefs-de-santa-catarina-revelam-suas-apostas-para-a-gastronomia-em-2026\/\">Chefs de Santa Catarina revelam suas apostas para a gastronomia em 2026<\/a><\/h2>\t\t\t\t<\/div>\n\t\t\t\t<\/div>\n\t\t\t\t<div class=\"elementor-element elementor-element-8a61e8a elementor-widget elementor-widget-text-editor\" data-id=\"8a61e8a\" data-element_type=\"widget\" data-e-type=\"widget\" data-widget_type=\"text-editor.default\">\n\t\t\t\t<div class=\"elementor-widget-container\">\n\t\t\t\t\t\t\t\t\t<p>Da Coluna de Renata Diem (upiara.net, 27\/12\/2025) Prever o futuro da gastronomia vai muito al\u00e9m de analisar algoritmos, exige sentir&#8230;\t\t\t\t\t\t\t\t<\/div>\n\t\t\t\t<\/div>\n\t\t\t\t<div class=\"elementor-element elementor-element-835e956 elementor-icon-list--layout-inline elementor-list-item-link-full_width elementor-widget elementor-widget-icon-list\" data-id=\"835e956\" data-element_type=\"widget\" data-e-type=\"widget\" data-widget_type=\"icon-list.default\">\n\t\t\t\t<div class=\"elementor-widget-container\">\n\t\t\t\t\t\t\t<ul class=\"elementor-icon-list-items elementor-inline-items\">\n\t\t\t\t\t\t\t<li class=\"elementor-icon-list-item elementor-inline-item\">\n\t\t\t\t\t\t\t\t\t\t<span class=\"elementor-icon-list-text\">M\u00e1rcia R. Teschner<\/span>\n\t\t\t\t\t\t\t\t\t<\/li>\n\t\t\t\t\t\t\t\t<li class=\"elementor-icon-list-item elementor-inline-item\">\n\t\t\t\t\t\t\t\t\t\t<span class=\"elementor-icon-list-text\">12 de January de 2026<\/span>\n\t\t\t\t\t\t\t\t\t<\/li>\n\t\t\t\t\t\t<\/ul>\n\t\t\t\t\t\t<\/div>\n\t\t\t\t<\/div>\n\t\t\t\t\t<\/div>\n\t\t<\/div>\n\t\t\t\t\t<\/div>\n\t\t<\/section>\n\t\t\t\t<\/div>\n\t\t\t\t<div data-elementor-type=\"loop-item\" data-elementor-id=\"2662\" class=\"elementor elementor-2662 e-loop-item e-loop-item-4209 post-4209 post type-post status-publish format-standard has-post-thumbnail hentry category-noticias tag-acif tag-gastronomia tag-moluscos tag-ostras tag-ribeirao-da-ilha tag-rotas-das-ostras tag-turismo\" data-elementor-post-type=\"elementor_library\" data-custom-edit-handle=\"1\">\n\t\t\t\t\t<section class=\"elementor-section elementor-top-section elementor-element elementor-element-6b75e4c elementor-section-boxed elementor-section-height-default elementor-section-height-default\" data-id=\"6b75e4c\" data-element_type=\"section\" data-e-type=\"section\">\n\t\t\t\t\t\t<div class=\"elementor-container elementor-column-gap-default\">\n\t\t\t\t\t<div class=\"elementor-column elementor-col-100 elementor-top-column elementor-element elementor-element-4e0ec9d\" data-id=\"4e0ec9d\" data-element_type=\"column\" data-e-type=\"column\">\n\t\t\t<div class=\"elementor-widget-wrap elementor-element-populated\">\n\t\t\t\t\t\t<div class=\"elementor-element elementor-element-5bed497 elementor-widget elementor-widget-image\" data-id=\"5bed497\" data-element_type=\"widget\" data-e-type=\"widget\" data-widget_type=\"image.default\">\n\t\t\t\t<div class=\"elementor-widget-container\">\n\t\t\t\t\t\t\t\t\t\t\t\t\t\t\t\t<a href=\"https:\/\/cidadecriativa.floripa.br\/en\/acif-lanca-rota-das-ostras-e-amplia-visibilidade-do-ribeirao-da-ilha-no-turismo-de-experiencia\/\">\n\t\t\t\t\t\t\t<img loading=\"lazy\" decoding=\"async\" width=\"800\" height=\"533\" src=\"https:\/\/cidadecriativa.floripa.br\/wp-content\/uploads\/2026\/01\/rota-das-ostras-acif.jpg\" class=\"attachment-large size-large wp-image-4210\" alt=\"\" srcset=\"https:\/\/cidadecriativa.floripa.br\/wp-content\/uploads\/2026\/01\/rota-das-ostras-acif.jpg 960w, https:\/\/cidadecriativa.floripa.br\/wp-content\/uploads\/2026\/01\/rota-das-ostras-acif-300x200.jpg 300w, https:\/\/cidadecriativa.floripa.br\/wp-content\/uploads\/2026\/01\/rota-das-ostras-acif-768x512.jpg 768w, https:\/\/cidadecriativa.floripa.br\/wp-content\/uploads\/2026\/01\/rota-das-ostras-acif-18x12.jpg 18w\" sizes=\"(max-width: 800px) 100vw, 800px\" \/>\t\t\t\t\t\t\t\t<\/a>\n\t\t\t\t\t\t\t\t\t\t\t\t\t\t\t<\/div>\n\t\t\t\t<\/div>\n\t\t\t\t<div class=\"elementor-element elementor-element-67828ce elementor-widget elementor-widget-heading\" data-id=\"67828ce\" data-element_type=\"widget\" data-e-type=\"widget\" data-widget_type=\"heading.default\">\n\t\t\t\t<div class=\"elementor-widget-container\">\n\t\t\t\t\t<div class=\"elementor-heading-title elementor-size-default\"><span>Not\u00edcias<\/span><\/div>\t\t\t\t<\/div>\n\t\t\t\t<\/div>\n\t\t\t\t<div class=\"elementor-element elementor-element-bc84350 elementor-widget elementor-widget-heading\" data-id=\"bc84350\" data-element_type=\"widget\" data-e-type=\"widget\" data-widget_type=\"heading.default\">\n\t\t\t\t<div class=\"elementor-widget-container\">\n\t\t\t\t\t<h2 class=\"elementor-heading-title elementor-size-default\"><a href=\"https:\/\/cidadecriativa.floripa.br\/en\/acif-lanca-rota-das-ostras-e-amplia-visibilidade-do-ribeirao-da-ilha-no-turismo-de-experiencia\/\">ACIF lan\u00e7a Rota das Ostras e amplia visibilidade do Ribeir\u00e3o da Ilha no turismo de experi\u00eancia<\/a><\/h2>\t\t\t\t<\/div>\n\t\t\t\t<\/div>\n\t\t\t\t<div class=\"elementor-element elementor-element-8a61e8a elementor-widget elementor-widget-text-editor\" data-id=\"8a61e8a\" data-element_type=\"widget\" data-e-type=\"widget\" data-widget_type=\"text-editor.default\">\n\t\t\t\t<div class=\"elementor-widget-container\">\n\t\t\t\t\t\t\t\t\t<p>Site re\u00fane fazendas marinhas, processos de cultivo, trilhas hist\u00f3ricas, arte, caf\u00e9s, restaurantes e hospedagens que dialogam com a paisagem, os&#8230;\t\t\t\t\t\t\t\t<\/div>\n\t\t\t\t<\/div>\n\t\t\t\t<div class=\"elementor-element elementor-element-835e956 elementor-icon-list--layout-inline elementor-list-item-link-full_width elementor-widget elementor-widget-icon-list\" data-id=\"835e956\" data-element_type=\"widget\" data-e-type=\"widget\" data-widget_type=\"icon-list.default\">\n\t\t\t\t<div class=\"elementor-widget-container\">\n\t\t\t\t\t\t\t<ul class=\"elementor-icon-list-items elementor-inline-items\">\n\t\t\t\t\t\t\t<li class=\"elementor-icon-list-item elementor-inline-item\">\n\t\t\t\t\t\t\t\t\t\t<span class=\"elementor-icon-list-text\">M\u00e1rcia R. Teschner<\/span>\n\t\t\t\t\t\t\t\t\t<\/li>\n\t\t\t\t\t\t\t\t<li class=\"elementor-icon-list-item elementor-inline-item\">\n\t\t\t\t\t\t\t\t\t\t<span class=\"elementor-icon-list-text\">12 de January de 2026<\/span>\n\t\t\t\t\t\t\t\t\t<\/li>\n\t\t\t\t\t\t<\/ul>\n\t\t\t\t\t\t<\/div>\n\t\t\t\t<\/div>\n\t\t\t\t\t<\/div>\n\t\t<\/div>\n\t\t\t\t\t<\/div>\n\t\t<\/section>\n\t\t\t\t<\/div>\n\t\t\t\t<div data-elementor-type=\"loop-item\" data-elementor-id=\"2662\" class=\"elementor elementor-2662 e-loop-item e-loop-item-4198 post-4198 post type-post status-publish format-standard has-post-thumbnail hentry category-noticias tag-cidade-criativa-unesco-da-gastronomia tag-economia-criativa tag-gastronomia tag-sub-rede-mundial-de-cidades-criativas-da-unesco-da-gastronomia\" data-elementor-post-type=\"elementor_library\" data-custom-edit-handle=\"1\">\n\t\t\t\t\t<section class=\"elementor-section elementor-top-section elementor-element elementor-element-6b75e4c elementor-section-boxed elementor-section-height-default elementor-section-height-default\" data-id=\"6b75e4c\" data-element_type=\"section\" data-e-type=\"section\">\n\t\t\t\t\t\t<div class=\"elementor-container elementor-column-gap-default\">\n\t\t\t\t\t<div class=\"elementor-column elementor-col-100 elementor-top-column elementor-element elementor-element-4e0ec9d\" data-id=\"4e0ec9d\" data-element_type=\"column\" data-e-type=\"column\">\n\t\t\t<div class=\"elementor-widget-wrap elementor-element-populated\">\n\t\t\t\t\t\t<div class=\"elementor-element elementor-element-5bed497 elementor-widget elementor-widget-image\" data-id=\"5bed497\" data-element_type=\"widget\" data-e-type=\"widget\" data-widget_type=\"image.default\">\n\t\t\t\t<div class=\"elementor-widget-container\">\n\t\t\t\t\t\t\t\t\t\t\t\t\t\t\t\t<a href=\"https:\/\/cidadecriativa.floripa.br\/en\/florianopolis-e-eleita-para-a-vice-coordenacao-da-sub-rede-mundial-de-cidades-criativas-da-unesco-da-gastronomia\/\">\n\t\t\t\t\t\t\t<img loading=\"lazy\" decoding=\"async\" width=\"800\" height=\"533\" src=\"https:\/\/cidadecriativa.floripa.br\/wp-content\/uploads\/2025\/12\/unesco-2026.jpg\" class=\"attachment-large size-large wp-image-4200\" alt=\"\" srcset=\"https:\/\/cidadecriativa.floripa.br\/wp-content\/uploads\/2025\/12\/unesco-2026.jpg 960w, https:\/\/cidadecriativa.floripa.br\/wp-content\/uploads\/2025\/12\/unesco-2026-300x200.jpg 300w, https:\/\/cidadecriativa.floripa.br\/wp-content\/uploads\/2025\/12\/unesco-2026-768x512.jpg 768w, https:\/\/cidadecriativa.floripa.br\/wp-content\/uploads\/2025\/12\/unesco-2026-18x12.jpg 18w\" sizes=\"(max-width: 800px) 100vw, 800px\" \/>\t\t\t\t\t\t\t\t<\/a>\n\t\t\t\t\t\t\t\t\t\t\t\t\t\t\t<\/div>\n\t\t\t\t<\/div>\n\t\t\t\t<div class=\"elementor-element elementor-element-67828ce elementor-widget elementor-widget-heading\" data-id=\"67828ce\" data-element_type=\"widget\" data-e-type=\"widget\" data-widget_type=\"heading.default\">\n\t\t\t\t<div class=\"elementor-widget-container\">\n\t\t\t\t\t<div class=\"elementor-heading-title elementor-size-default\"><span>Not\u00edcias<\/span><\/div>\t\t\t\t<\/div>\n\t\t\t\t<\/div>\n\t\t\t\t<div class=\"elementor-element elementor-element-bc84350 elementor-widget elementor-widget-heading\" data-id=\"bc84350\" data-element_type=\"widget\" data-e-type=\"widget\" data-widget_type=\"heading.default\">\n\t\t\t\t<div class=\"elementor-widget-container\">\n\t\t\t\t\t<h2 class=\"elementor-heading-title elementor-size-default\"><a href=\"https:\/\/cidadecriativa.floripa.br\/en\/florianopolis-e-eleita-para-a-vice-coordenacao-da-sub-rede-mundial-de-cidades-criativas-da-unesco-da-gastronomia\/\">Florian\u00f3polis \u00e9 eleita para a vice-coordena\u00e7\u00e3o da Sub-rede Mundial de Cidades Criativas da UNESCO da Gastronomia<\/a><\/h2>\t\t\t\t<\/div>\n\t\t\t\t<\/div>\n\t\t\t\t<div class=\"elementor-element elementor-element-8a61e8a elementor-widget elementor-widget-text-editor\" data-id=\"8a61e8a\" data-element_type=\"widget\" data-e-type=\"widget\" data-widget_type=\"text-editor.default\">\n\t\t\t\t<div class=\"elementor-widget-container\">\n\t\t\t\t\t\t\t\t\t<p>Reconhecimento posiciona a cidade em papel de lideran\u00e7a dentro da Rede Mundial de Cidades Criativas da UNESCO. Ap\u00f3s dois anos&#8230;\t\t\t\t\t\t\t\t<\/div>\n\t\t\t\t<\/div>\n\t\t\t\t<div class=\"elementor-element elementor-element-835e956 elementor-icon-list--layout-inline elementor-list-item-link-full_width elementor-widget elementor-widget-icon-list\" data-id=\"835e956\" data-element_type=\"widget\" data-e-type=\"widget\" data-widget_type=\"icon-list.default\">\n\t\t\t\t<div class=\"elementor-widget-container\">\n\t\t\t\t\t\t\t<ul class=\"elementor-icon-list-items elementor-inline-items\">\n\t\t\t\t\t\t\t<li class=\"elementor-icon-list-item elementor-inline-item\">\n\t\t\t\t\t\t\t\t\t\t<span class=\"elementor-icon-list-text\">M\u00e1rcia R. Teschner<\/span>\n\t\t\t\t\t\t\t\t\t<\/li>\n\t\t\t\t\t\t\t\t<li class=\"elementor-icon-list-item elementor-inline-item\">\n\t\t\t\t\t\t\t\t\t\t<span class=\"elementor-icon-list-text\">18 de December de 2025<\/span>\n\t\t\t\t\t\t\t\t\t<\/li>\n\t\t\t\t\t\t<\/ul>\n\t\t\t\t\t\t<\/div>\n\t\t\t\t<\/div>\n\t\t\t\t\t<\/div>\n\t\t<\/div>\n\t\t\t\t\t<\/div>\n\t\t<\/section>\n\t\t\t\t<\/div>\n\t\t\t\t<div data-elementor-type=\"loop-item\" data-elementor-id=\"2662\" class=\"elementor elementor-2662 e-loop-item e-loop-item-4193 post-4193 post type-post status-publish format-standard has-post-thumbnail hentry category-noticias tag-chef-fabiana-mortimer tag-gastronomia tag-ifsc\" data-elementor-post-type=\"elementor_library\" data-custom-edit-handle=\"1\">\n\t\t\t\t\t<section class=\"elementor-section elementor-top-section elementor-element elementor-element-6b75e4c elementor-section-boxed elementor-section-height-default elementor-section-height-default\" data-id=\"6b75e4c\" data-element_type=\"section\" data-e-type=\"section\">\n\t\t\t\t\t\t<div class=\"elementor-container elementor-column-gap-default\">\n\t\t\t\t\t<div class=\"elementor-column elementor-col-100 elementor-top-column elementor-element elementor-element-4e0ec9d\" data-id=\"4e0ec9d\" data-element_type=\"column\" data-e-type=\"column\">\n\t\t\t<div class=\"elementor-widget-wrap elementor-element-populated\">\n\t\t\t\t\t\t<div class=\"elementor-element elementor-element-5bed497 elementor-widget elementor-widget-image\" data-id=\"5bed497\" data-element_type=\"widget\" data-e-type=\"widget\" data-widget_type=\"image.default\">\n\t\t\t\t<div class=\"elementor-widget-container\">\n\t\t\t\t\t\t\t\t\t\t\t\t\t\t\t\t<a href=\"https:\/\/cidadecriativa.floripa.br\/en\/pesquisadora-da-gastronomia-de-florianopolis-tem-artigo-cientifico-aceito-em-congresso-internacional-na-espanha\/\">\n\t\t\t\t\t\t\t<img loading=\"lazy\" decoding=\"async\" width=\"800\" height=\"533\" src=\"https:\/\/cidadecriativa.floripa.br\/wp-content\/uploads\/2025\/12\/fabiana-1.jpg\" class=\"attachment-large size-large wp-image-4194\" alt=\"\" srcset=\"https:\/\/cidadecriativa.floripa.br\/wp-content\/uploads\/2025\/12\/fabiana-1.jpg 960w, https:\/\/cidadecriativa.floripa.br\/wp-content\/uploads\/2025\/12\/fabiana-1-300x200.jpg 300w, https:\/\/cidadecriativa.floripa.br\/wp-content\/uploads\/2025\/12\/fabiana-1-768x512.jpg 768w, https:\/\/cidadecriativa.floripa.br\/wp-content\/uploads\/2025\/12\/fabiana-1-18x12.jpg 18w\" sizes=\"(max-width: 800px) 100vw, 800px\" \/>\t\t\t\t\t\t\t\t<\/a>\n\t\t\t\t\t\t\t\t\t\t\t\t\t\t\t<\/div>\n\t\t\t\t<\/div>\n\t\t\t\t<div class=\"elementor-element elementor-element-67828ce elementor-widget elementor-widget-heading\" data-id=\"67828ce\" data-element_type=\"widget\" data-e-type=\"widget\" data-widget_type=\"heading.default\">\n\t\t\t\t<div class=\"elementor-widget-container\">\n\t\t\t\t\t<div class=\"elementor-heading-title elementor-size-default\"><span>Not\u00edcias<\/span><\/div>\t\t\t\t<\/div>\n\t\t\t\t<\/div>\n\t\t\t\t<div class=\"elementor-element elementor-element-bc84350 elementor-widget elementor-widget-heading\" data-id=\"bc84350\" data-element_type=\"widget\" data-e-type=\"widget\" data-widget_type=\"heading.default\">\n\t\t\t\t<div class=\"elementor-widget-container\">\n\t\t\t\t\t<h2 class=\"elementor-heading-title elementor-size-default\"><a href=\"https:\/\/cidadecriativa.floripa.br\/en\/pesquisadora-da-gastronomia-de-florianopolis-tem-artigo-cientifico-aceito-em-congresso-internacional-na-espanha\/\">Pesquisadora da Gastronomia de Florian\u00f3polis tem Artigo Cient\u00edfico aceito em Congresso Internacional na Espanha<\/a><\/h2>\t\t\t\t<\/div>\n\t\t\t\t<\/div>\n\t\t\t\t<div class=\"elementor-element elementor-element-8a61e8a elementor-widget elementor-widget-text-editor\" data-id=\"8a61e8a\" data-element_type=\"widget\" data-e-type=\"widget\" data-widget_type=\"text-editor.default\">\n\t\t\t\t<div class=\"elementor-widget-container\">\n\t\t\t\t\t\t\t\t\t<p>A pesquisadora, Fabiana Mortimer, chef que integra o time da Confraria Sabores de Floripa, do Programa Florian\u00f3polis Cidade Criativa da&#8230;\t\t\t\t\t\t\t\t<\/div>\n\t\t\t\t<\/div>\n\t\t\t\t<div class=\"elementor-element elementor-element-835e956 elementor-icon-list--layout-inline elementor-list-item-link-full_width elementor-widget elementor-widget-icon-list\" data-id=\"835e956\" data-element_type=\"widget\" data-e-type=\"widget\" data-widget_type=\"icon-list.default\">\n\t\t\t\t<div class=\"elementor-widget-container\">\n\t\t\t\t\t\t\t<ul class=\"elementor-icon-list-items elementor-inline-items\">\n\t\t\t\t\t\t\t<li class=\"elementor-icon-list-item elementor-inline-item\">\n\t\t\t\t\t\t\t\t\t\t<span class=\"elementor-icon-list-text\">M\u00e1rcia R. Teschner<\/span>\n\t\t\t\t\t\t\t\t\t<\/li>\n\t\t\t\t\t\t\t\t<li class=\"elementor-icon-list-item elementor-inline-item\">\n\t\t\t\t\t\t\t\t\t\t<span class=\"elementor-icon-list-text\">15 de December de 2025<\/span>\n\t\t\t\t\t\t\t\t\t<\/li>\n\t\t\t\t\t\t<\/ul>\n\t\t\t\t\t\t<\/div>\n\t\t\t\t<\/div>\n\t\t\t\t\t<\/div>\n\t\t<\/div>\n\t\t\t\t\t<\/div>\n\t\t<\/section>\n\t\t\t\t<\/div>\n\t\t\t\t<div data-elementor-type=\"loop-item\" data-elementor-id=\"2662\" class=\"elementor elementor-2662 e-loop-item e-loop-item-4163 post-4163 post type-post status-publish format-standard has-post-thumbnail hentry category-noticias tag-cidade-criativa-unesco-da-gastronomia tag-economia-criativa tag-ecriativa tag-gastronomia\" data-elementor-post-type=\"elementor_library\" data-custom-edit-handle=\"1\">\n\t\t\t\t\t<section class=\"elementor-section elementor-top-section elementor-element elementor-element-6b75e4c elementor-section-boxed elementor-section-height-default elementor-section-height-default\" data-id=\"6b75e4c\" data-element_type=\"section\" data-e-type=\"section\">\n\t\t\t\t\t\t<div class=\"elementor-container elementor-column-gap-default\">\n\t\t\t\t\t<div class=\"elementor-column elementor-col-100 elementor-top-column elementor-element elementor-element-4e0ec9d\" data-id=\"4e0ec9d\" data-element_type=\"column\" data-e-type=\"column\">\n\t\t\t<div class=\"elementor-widget-wrap elementor-element-populated\">\n\t\t\t\t\t\t<div class=\"elementor-element elementor-element-5bed497 elementor-widget elementor-widget-image\" data-id=\"5bed497\" data-element_type=\"widget\" data-e-type=\"widget\" data-widget_type=\"image.default\">\n\t\t\t\t<div class=\"elementor-widget-container\">\n\t\t\t\t\t\t\t\t\t\t\t\t\t\t\t\t<a href=\"https:\/\/cidadecriativa.floripa.br\/en\/florianopolis-marca-presenca-no-ecriativa-em-brasilia-e-anuncia-10a-edicao-2026-na-capital-catarinense\/\">\n\t\t\t\t\t\t\t<img loading=\"lazy\" decoding=\"async\" width=\"800\" height=\"534\" src=\"https:\/\/cidadecriativa.floripa.br\/wp-content\/uploads\/2025\/11\/marcus-ecriativa-brasilia-1024x683.jpg\" class=\"attachment-large size-large wp-image-4168\" alt=\"\" srcset=\"https:\/\/cidadecriativa.floripa.br\/wp-content\/uploads\/2025\/11\/marcus-ecriativa-brasilia-1024x683.jpg 1024w, https:\/\/cidadecriativa.floripa.br\/wp-content\/uploads\/2025\/11\/marcus-ecriativa-brasilia-300x200.jpg 300w, https:\/\/cidadecriativa.floripa.br\/wp-content\/uploads\/2025\/11\/marcus-ecriativa-brasilia-768x512.jpg 768w, https:\/\/cidadecriativa.floripa.br\/wp-content\/uploads\/2025\/11\/marcus-ecriativa-brasilia-18x12.jpg 18w, https:\/\/cidadecriativa.floripa.br\/wp-content\/uploads\/2025\/11\/marcus-ecriativa-brasilia.jpg 1200w\" sizes=\"(max-width: 800px) 100vw, 800px\" \/>\t\t\t\t\t\t\t\t<\/a>\n\t\t\t\t\t\t\t\t\t\t\t\t\t\t\t<\/div>\n\t\t\t\t<\/div>\n\t\t\t\t<div class=\"elementor-element elementor-element-67828ce elementor-widget elementor-widget-heading\" data-id=\"67828ce\" data-element_type=\"widget\" data-e-type=\"widget\" data-widget_type=\"heading.default\">\n\t\t\t\t<div class=\"elementor-widget-container\">\n\t\t\t\t\t<div class=\"elementor-heading-title elementor-size-default\"><span>Not\u00edcias<\/span><\/div>\t\t\t\t<\/div>\n\t\t\t\t<\/div>\n\t\t\t\t<div class=\"elementor-element elementor-element-bc84350 elementor-widget elementor-widget-heading\" data-id=\"bc84350\" data-element_type=\"widget\" data-e-type=\"widget\" data-widget_type=\"heading.default\">\n\t\t\t\t<div class=\"elementor-widget-container\">\n\t\t\t\t\t<h2 class=\"elementor-heading-title elementor-size-default\"><a href=\"https:\/\/cidadecriativa.floripa.br\/en\/florianopolis-marca-presenca-no-ecriativa-em-brasilia-e-anuncia-10a-edicao-2026-na-capital-catarinense\/\">Florian\u00f3polis marca presen\u00e7a no ECriativa em Bras\u00edlia e anuncia 10\u00aa Edi\u00e7\u00e3o 2026 na Capital Catarinense<\/a><\/h2>\t\t\t\t<\/div>\n\t\t\t\t<\/div>\n\t\t\t\t<div class=\"elementor-element elementor-element-8a61e8a elementor-widget elementor-widget-text-editor\" data-id=\"8a61e8a\" data-element_type=\"widget\" data-e-type=\"widget\" data-widget_type=\"text-editor.default\">\n\t\t\t\t<div class=\"elementor-widget-container\">\n\t\t\t\t\t\t\t\t\t<p>De 25 a 28 de novembro, Bras\u00edlia sediou o IX Encontro da Rede Brasileira de Cidades Criativas da UNESCO (ECriativa),&#8230;\t\t\t\t\t\t\t\t<\/div>\n\t\t\t\t<\/div>\n\t\t\t\t<div class=\"elementor-element elementor-element-835e956 elementor-icon-list--layout-inline elementor-list-item-link-full_width elementor-widget elementor-widget-icon-list\" data-id=\"835e956\" data-element_type=\"widget\" data-e-type=\"widget\" data-widget_type=\"icon-list.default\">\n\t\t\t\t<div class=\"elementor-widget-container\">\n\t\t\t\t\t\t\t<ul class=\"elementor-icon-list-items elementor-inline-items\">\n\t\t\t\t\t\t\t<li class=\"elementor-icon-list-item elementor-inline-item\">\n\t\t\t\t\t\t\t\t\t\t<span class=\"elementor-icon-list-text\">M\u00e1rcia R. Teschner<\/span>\n\t\t\t\t\t\t\t\t\t<\/li>\n\t\t\t\t\t\t\t\t<li class=\"elementor-icon-list-item elementor-inline-item\">\n\t\t\t\t\t\t\t\t\t\t<span class=\"elementor-icon-list-text\">27 de November de 2025<\/span>\n\t\t\t\t\t\t\t\t\t<\/li>\n\t\t\t\t\t\t<\/ul>\n\t\t\t\t\t\t<\/div>\n\t\t\t\t<\/div>\n\t\t\t\t\t<\/div>\n\t\t<\/div>\n\t\t\t\t\t<\/div>\n\t\t<\/section>\n\t\t\t\t<\/div>\n\t\t\t\t<\/div>\n\t\t\t\t\t<span class=\"e-load-more-spinner\">\n\t\t\t\t<i aria-hidden=\"true\" class=\"fas fa-spinner\"><\/i>\t\t\t<\/span>\n\t\t\n\t\t\t\t<div class=\"e-load-more-anchor\" data-page=\"1\" data-max-page=\"3\" data-next-page=\"https:\/\/cidadecriativa.floripa.br\/en\/wp-json\/wp\/v2\/pages\/364\/page\/2\/\"><\/div>\n\t\t\t\t<div class=\"e-loop__load-more elementor-button-wrapper\">\n\t\t\t<a class=\"elementor-button elementor-size-sm\" role=\"button\">\n\t\t\t\t\t\t<span class=\"elementor-button-content-wrapper\">\n\t\t\t\t\t\t\t\t\t<span class=\"elementor-button-text\">Carregar mais<\/span>\n\t\t\t\t\t<\/span>\n\t\t\t\t\t<\/a>\n\t\t<\/div>\n\t\t\t\t<div class=\"e-load-more-message\"><\/div>\n\t\t\t\t\t\t<\/div>\n\t\t\t\t<\/div>\n\t\t\t\t\t<\/div>\n\t\t<\/div>\n\t\t\t\t\t<\/div>\n\t\t<\/section>\n\t\t\t\t\t<\/div>\n\t\t<\/div>\n\t\t\t\t\t<\/div>\n\t\t<\/section>\n\t\t\t\t<\/div>\n\t\t","protected":false},"excerpt":{"rendered":"<p>Blog Blog oficial da Cidade Criativa da Gastronomia UNESCO &#8211; Floripa Confira outras mat\u00e9rias Fique por dentro de tudo que h\u00e1 de mais interessante sobre a gastronomia da Cidade Criativa UNESCO da Gastronomia.\u00a0<\/p>","protected":false},"author":1,"featured_media":0,"parent":0,"menu_order":0,"comment_status":"closed","ping_status":"closed","template":"","meta":{"footnotes":""},"class_list":["post-364","page","type-page","status-publish","hentry"],"_links":{"self":[{"href":"https:\/\/cidadecriativa.floripa.br\/en\/wp-json\/wp\/v2\/pages\/364","targetHints":{"allow":["GET"]}}],"collection":[{"href":"https:\/\/cidadecriativa.floripa.br\/en\/wp-json\/wp\/v2\/pages"}],"about":[{"href":"https:\/\/cidadecriativa.floripa.br\/en\/wp-json\/wp\/v2\/types\/page"}],"author":[{"embeddable":true,"href":"https:\/\/cidadecriativa.floripa.br\/en\/wp-json\/wp\/v2\/users\/1"}],"replies":[{"embeddable":true,"href":"https:\/\/cidadecriativa.floripa.br\/en\/wp-json\/wp\/v2\/comments?post=364"}],"version-history":[{"count":57,"href":"https:\/\/cidadecriativa.floripa.br\/en\/wp-json\/wp\/v2\/pages\/364\/revisions"}],"predecessor-version":[{"id":3620,"href":"https:\/\/cidadecriativa.floripa.br\/en\/wp-json\/wp\/v2\/pages\/364\/revisions\/3620"}],"wp:attachment":[{"href":"https:\/\/cidadecriativa.floripa.br\/en\/wp-json\/wp\/v2\/media?parent=364"}],"curies":[{"name":"wp","href":"https:\/\/api.w.org\/{rel}","templated":true}]}}